{"id":613,"date":"2022-10-05T05:46:03","date_gmt":"2022-10-05T03:46:03","guid":{"rendered":"https:\/\/wiki.edv-cad.de\/politica-de-privacidade\/"},"modified":"2024-07-31T04:56:50","modified_gmt":"2024-07-31T02:56:50","slug":"politica-de-privacidade","status":"publish","type":"page","link":"https:\/\/wiki.edv-cad.de\/pt-br\/politica-de-privacidade\/","title":{"rendered":"Pol\u00edtica de privacidade"},"content":{"rendered":"\n<h2 class=\"wp-block-heading\">Resumo da prote\u00e7\u00e3o de dados<\/h2>\n\n<h3 class=\"wp-block-heading\">Informa\u00e7\u00f5es gerais<\/h3>\n\n<p>As informa\u00e7\u00f5es a seguir fornecem uma vis\u00e3o geral simples do que acontece com seus dados pessoais quando voc\u00ea visita este site. Dados pessoais s\u00e3o quaisquer dados que possam ser usados para identific\u00e1-lo pessoalmente. Informa\u00e7\u00f5es detalhadas sobre o assunto de prote\u00e7\u00e3o de dados podem ser encontradas em nossa pol\u00edtica de privacidade listada abaixo deste texto.<\/p>\n\n<h3 class=\"wp-block-heading\">Coleta de dados neste site<\/h3>\n\n<p>Quem \u00e9 respons\u00e1vel pela coleta de dados neste site?<\/p>\n\n<p>O processamento de dados neste site \u00e9 realizado pelo operador do site. Seus detalhes de contato podem ser encontrados na se\u00e7\u00e3o &#8220;Nota sobre o \u00f3rg\u00e3o respons\u00e1vel&#8221; nesta pol\u00edtica de privacidade.<\/p>\n\n<h3 class=\"wp-block-heading\">Como recolhemos os seus dados?<\/h3>\n\n<p>Por um lado, os seus dados s\u00e3o recolhidos quando nos fornece. Podem ser, por exemplo, dados inseridos em um formul\u00e1rio de contato.<br\/>Outros dados s\u00e3o coletados automaticamente ou com o seu consentimento quando voc\u00ea visita o site por nossos sistemas de TI. Trata-se principalmente de dados t\u00e9cnicos (por exemplo, navegador de internet, sistema operacional ou tempo de acesso \u00e0 p\u00e1gina). Esses dados s\u00e3o coletados automaticamente assim que voc\u00ea entra neste site.<\/p>\n\n<h3 class=\"wp-block-heading\">Para que usamos seus dados?<\/h3>\n\n<p>Parte dos dados \u00e9 coletada para garantir o fornecimento livre de erros do site. Outros dados podem ser usados para analisar seu comportamento de usu\u00e1rio.<\/p>\n\n<h3 class=\"wp-block-heading\">Que direitos tem em rela\u00e7\u00e3o aos seus dados?<\/h3>\n\n<p>Voc\u00ea tem o direito de receber informa\u00e7\u00f5es sobre a origem, destinat\u00e1rio e finalidade de seus dados pessoais armazenados gratuitamente a qualquer momento. Voc\u00ea tamb\u00e9m tem o direito de solicitar a corre\u00e7\u00e3o ou exclus\u00e3o desses dados. Se voc\u00ea deu seu consentimento para o processamento de dados, voc\u00ea pode revogar esse consentimento a qualquer momento para o futuro. Voc\u00ea tamb\u00e9m tem o direito de solicitar a restri\u00e7\u00e3o do processamento de seus dados pessoais em determinadas circunst\u00e2ncias.<br\/>Al\u00e9m disso, voc\u00ea tem o direito de apresentar uma reclama\u00e7\u00e3o \u00e0 autoridade supervisora competente.<br\/>Voc\u00ea pode entrar em contato conosco a qualquer momento para esta e outras quest\u00f5es sobre o tema da prote\u00e7\u00e3o de dados.<\/p>\n\n<h3 class=\"wp-block-heading\">Ferramentas anal\u00edticas e de terceiros<\/h3>\n\n<p>Quando visita este website, o seu comportamento de navega\u00e7\u00e3o pode ser avaliado estatisticamente. Isso \u00e9 feito principalmente com os chamados programas de an\u00e1lise.<br\/>Informa\u00e7\u00f5es detalhadas sobre esses programas de an\u00e1lise podem ser encontradas na seguinte pol\u00edtica de privacidade.<\/p>\n\n<h2 class=\"wp-block-heading\">Redes de Hospedagem e Distribui\u00e7\u00e3o de Conte\u00fado (CDN)<\/h2>\n\n<h3 class=\"wp-block-heading\">Hospedagem Externa<\/h3>\n\n<p>Este site \u00e9 hospedado por um provedor de servi\u00e7os externo. Os dados pessoais coletados neste site s\u00e3o armazenados nos servidores do hoster. Isso pode incluir, mas n\u00e3o est\u00e1 limitado a, endere\u00e7os IP, solicita\u00e7\u00f5es de contato, meta e dados de comunica\u00e7\u00e3o, dados de contrato, dados de contato, nomes, acessos ao site e outros dados gerados por meio de um site.<br\/>O hoster \u00e9 utilizado com a finalidade de cumprir o contrato com os nossos clientes potenciais e existentes (Art. 6, n.\u00ba 1, al\u00ednea b), do RGPD) e no interesse de uma presta\u00e7\u00e3o segura, r\u00e1pida e eficiente da nossa oferta online por um fornecedor profissional (artigo 6.\u00ba, n.\u00ba 1, al\u00ednea f), do RGPD).<br\/>O nosso anfitri\u00e3o apenas processar\u00e1 os seus dados na medida do necess\u00e1rio para cumprir as suas obriga\u00e7\u00f5es de desempenho e seguir\u00e1 as nossas instru\u00e7\u00f5es em rela\u00e7\u00e3o a esses dados.<br\/>Utilizamos o seguinte hoster:<br\/>ALL-INKL.COM<br\/>Hauptstra\u00dfe 68<br\/>D-02742 Friedersdorf<\/p>\n\n<h3 class=\"wp-block-heading\">Celebra\u00e7\u00e3o de um contrato para o processamento de encomendas<\/h3>\n\n<p>A fim de garantir o processamento em conformidade com a prote\u00e7\u00e3o de dados, celebramos um contrato para processamento de pedidos com nosso hoster.<\/p>\n\n<h2 class=\"wp-block-heading\">Informa\u00e7\u00f5es gerais e informa\u00e7\u00f5es obrigat\u00f3rias<\/h2>\n\n<h3 class=\"wp-block-heading\">Privacidade<\/h3>\n\n<p>Os operadores desses sites levam a prote\u00e7\u00e3o de seus dados pessoais muito a s\u00e9rio. Tratamos seus dados pessoais de forma confidencial e de acordo com os regulamentos legais de prote\u00e7\u00e3o de dados e esta pol\u00edtica de privacidade.<br\/>Quando voc\u00ea usa este site, v\u00e1rios dados pessoais s\u00e3o coletados.<br\/>Dados pessoais s\u00e3o dados que podem ser usados para identific\u00e1-lo pessoalmente. Esta pol\u00edtica de privacidade explica quais dados coletamos e para que os usamos. Tamb\u00e9m explica como e com que finalidade isso \u00e9 feito.<br\/>Gostar\u00edamos de salientar que a transmiss\u00e3o de dados na Internet (por exemplo, ao se comunicar por e-mail) pode ter falhas de seguran\u00e7a. N\u00e3o \u00e9 poss\u00edvel proteger completamente os dados do acesso de terceiros.<\/p>\n\n<h3 class=\"wp-block-heading\">Nota sobre o \u00f3rg\u00e3o respons\u00e1vel<\/h3>\n\n<p>O respons\u00e1vel pelo tratamento de dados neste site \u00e9:<br\/>edv &amp; cad group<br\/>Buchbichl 38<br\/>D-83737 Irschenberg<br\/>Telefone: <a href=\"tel:00498025995969\">+49 (0) 8025 \/ 99 59 69<\/a><br\/>E-mail: <a href=\"mailto:info@edv-cad.de\">info@edv-cad.de<\/a><br\/>O controlador \u00e9 a pessoa f\u00edsica ou jur\u00eddica que, sozinha ou em conjunto com outras, decide sobre as finalidades e os meios de processamento de dados pessoais (por exemplo, nomes, endere\u00e7os de e-mail, etc.).<\/p>\n\n<h3 class=\"wp-block-heading\">Per\u00edodo de armazenamento<\/h3>\n\n<p>A menos que um per\u00edodo de armazenamento mais espec\u00edfico seja especificado nesta pol\u00edtica de privacidade, seus dados pessoais permanecer\u00e3o conosco at\u00e9 a finalidade para a qual o processamento de dados deixe de se aplicar. Se voc\u00ea fizer uma solicita\u00e7\u00e3o leg\u00edtima de exclus\u00e3o ou revogar o consentimento para o processamento de dados, seus dados ser\u00e3o exclu\u00eddos, a menos que tenhamos outros motivos legalmente permitidos para armazenar seus dados pessoais (por exemplo, per\u00edodos de reten\u00e7\u00e3o sob a lei fiscal ou comercial); neste \u00faltimo caso, a elimina\u00e7\u00e3o ter\u00e1 lugar depois de estas raz\u00f5es terem deixado de existir.<\/p>\n\n<h3 class=\"wp-block-heading\">Nota sobre a transfer\u00eancia de dados para os EUA<\/h3>\n\n<p>Entre outras coisas, ferramentas de empresas sediadas nos EUA est\u00e3o integradas ao nosso site. Quando essas ferramentas est\u00e3o ativas, suas informa\u00e7\u00f5es pessoais podem ser compartilhadas com os servidores das respectivas empresas nos EUA. Gostar\u00edamos de salientar que os EUA n\u00e3o s\u00e3o um pa\u00eds terceiro seguro na acep\u00e7\u00e3o da legisla\u00e7\u00e3o da UE em mat\u00e9ria de protec\u00e7\u00e3o de dados. As empresas dos EUA s\u00e3o obrigadas a entregar dados pessoais \u00e0s autoridades de seguran\u00e7a sem que voc\u00ea, como titular dos dados, possa tomar medidas legais contra eles.<br\/>Portanto, n\u00e3o se pode excluir que as autoridades dos EUA (por exemplo, servi\u00e7os de intelig\u00eancia) processem, avaliem e armazenem permanentemente seus dados em servidores dos EUA para fins de vigil\u00e2ncia. N\u00e3o temos controle sobre essas atividades de processamento.<\/p>\n\n<h3 class=\"wp-block-heading\">Revoga\u00e7\u00e3o do seu consentimento para o processamento de dados<\/h3>\n\n<p>Muitas opera\u00e7\u00f5es de processamento de dados s\u00f3 s\u00e3o poss\u00edveis com o seu consentimento expl\u00edcito. Voc\u00ea pode revogar seu consentimento a qualquer momento. A licitude do tratamento de dados efetuado at\u00e9 \u00e0 revoga\u00e7\u00e3o n\u00e3o \u00e9 afetada pela revoga\u00e7\u00e3o.<\/p>\n\n<h3 class=\"wp-block-heading\">Direito de se opor \u00e0 coleta de dados em casos especiais, bem como ao marketing direto (Art. 21 GDPR)<\/h3>\n\n<p>SE O TRATAMENTO DE DADOS FOR EFETUADO COM BASE NO ART. 6.\u00ba, N.\u00ba PAR. 1 LIT. E OU F GDPR, VOC\u00ca TEM O DIREITO DE SE OPOR A QUALQUER MOMENTO AO PROCESSAMENTO DE SEUS DADOS PESSOAIS POR MOTIVOS RELACIONADOS \u00c0 SUA SITUA\u00c7\u00c3O PARTICULAR; O MESMO SE APLICA \u00c0 DEFINI\u00c7\u00c3O DE PERFIS COM BASE NESTAS DISPOSI\u00c7\u00d5ES. A RESPECTIVA BASE LEGAL NA QUAL O PROCESSAMENTO SE BASEIA PODE SER ENCONTRADA NESTA POL\u00cdTICA DE PRIVACIDADE. SE VOC\u00ca SE OPUSER, N\u00c3O PROCESSAREMOS MAIS SEUS DADOS PESSOAIS EM QUEST\u00c3O, SER\u00c1<br\/>A MENOS QUE POSSAMOS PROVAR MOTIVOS LEG\u00cdTIMOS CONVINCENTES PARA O PROCESSAMENTO QUE SUPEREM SEUS INTERESSES, DIREITOS E LIBERDADES, OU O PROCESSAMENTO SIRVA PARA AFIRMAR, EXERCER OU DEFENDER REIVINDICA\u00c7\u00d5ES LEGAIS (OBJE\u00c7\u00c3O DE ACORDO COM O ART. 21, \u00a7 1 GDPR).<br\/>SE SEUS DADOS PESSOAIS FOREM PROCESSADOS PARA FINS DE MARKETING DIRETO, VOC\u00ca TEM O DIREITO DE SE OPOR A QUALQUER MOMENTO AO PROCESSAMENTO DE DADOS PESSOAIS QUE LHE DIGAM RESPEITO PARA FINS DE TAL MARKETING; ISSO TAMB\u00c9M SE APLICA \u00c0 CRIA\u00c7\u00c3O DE PERFIS, NA MEDIDA EM QUE ESTEJA RELACIONADA A ESSA PUBLICIDADE DIRETA. SE VOC\u00ca SE OPOR, SEUS DADOS PESSOAIS N\u00c3O SER\u00c3O MAIS USADOS PARA FINS DE MARKETING DIRETO (OBJE\u00c7\u00c3O DE ACORDO COM O ART. 21, PAR\u00c1GRAFO 2 DO RGPD).<\/p>\n\n<h3 class=\"wp-block-heading\">Direito de apresentar uma queixa \u00e0 autoridade de controlo competente<\/h3>\n\n<p>Em caso de viola\u00e7\u00e3o do RGPD, os titulares dos dados t\u00eam o direito de apresentar uma reclama\u00e7\u00e3o junto de uma autoridade de controlo, em particular no Estado-Membro da sua resid\u00eancia habitual, local de trabalho ou local da alegada infra\u00e7\u00e3o. O direito de recurso existe sem preju\u00edzo de outras vias de recurso administrativas ou judiciais.<br\/>Direito \u00e0 portabilidade de dados Voc\u00ea tem o direito de ter os dados que processamos automaticamente com base em seu consentimento ou em execu\u00e7\u00e3o de um contrato entregues a voc\u00ea ou a terceiros em um formato comum e leg\u00edvel por m\u00e1quina. Se voc\u00ea solicitar a transfer\u00eancia direta dos dados para outro controlador, isso s\u00f3 ser\u00e1 feito na medida em que for tecnicamente vi\u00e1vel.<\/p>\n\n<h3 class=\"wp-block-heading\">Criptografia SSL ou TLS<\/h3>\n\n<p>Por raz\u00f5es de seguran\u00e7a e para proteger a transmiss\u00e3o de conte\u00fado confidencial, como pedidos ou consultas que voc\u00ea nos envia como operador do site, este site usa criptografia SSL ou TLS. Voc\u00ea pode reconhecer uma conex\u00e3o criptografada pelo fato de que a barra de endere\u00e7o do navegador muda de &#8220;http:\/\/&#8221; para &#8220;https:\/\/&#8221; e pelo s\u00edmbolo de cadeado na linha do navegador.<br\/>Se a criptografia SSL ou TLS estiver ativada, os dados que voc\u00ea nos transmite n\u00e3o podem ser lidos por terceiros.<\/p>\n\n<h3 class=\"wp-block-heading\">Informa\u00e7\u00e3o, elimina\u00e7\u00e3o e correc\u00e7\u00e3o<\/h3>\n\n<p>No \u00e2mbito das disposi\u00e7\u00f5es legais aplic\u00e1veis, voc\u00ea tem o direito de informa\u00e7\u00f5es gratuitas sobre seus dados pessoais armazenados, sua origem e destinat\u00e1rios e a finalidade do processamento de dados a qualquer momento e, se necess\u00e1rio, um direito de corre\u00e7\u00e3o ou exclus\u00e3o desses dados. Voc\u00ea pode entrar em contato conosco a qualquer momento se tiver mais d\u00favidas sobre dados pessoais.<\/p>\n\n<h3 class=\"wp-block-heading\">Direito \u00e0 restri\u00e7\u00e3o do processamento<\/h3>\n\n<p>Voc\u00ea tem o direito de solicitar a restri\u00e7\u00e3o do processamento de seus dados pessoais.<br\/>Voc\u00ea pode entrar em contato conosco a qualquer momento para isso. O direito \u00e0 restri\u00e7\u00e3o do tratamento existe nos seguintes casos:<\/p>\n\n<ul class=\"wp-block-list\">\n<li>Se voc\u00ea contestar a precis\u00e3o de seus dados pessoais mantidos por n\u00f3s, geralmente precisamos de tempo para verificar isso. Durante a dura\u00e7\u00e3o da auditoria, voc\u00ea tem o direito de solicitar a restri\u00e7\u00e3o do processamento de seus dados pessoais.<\/li>\n\n\n\n<li>Se o processamento de seus dados pessoais foi\/\u00e9 ilegal, voc\u00ea pode solicitar a restri\u00e7\u00e3o do processamento de dados em vez da exclus\u00e3o.<\/li>\n\n\n\n<li>Se n\u00e3o precisarmos mais de seus dados pessoais, mas voc\u00ea precisar deles para exercer, defender ou reivindicar reivindica\u00e7\u00f5es legais, voc\u00ea tem o direito de solicitar a restri\u00e7\u00e3o do processamento de seus dados pessoais em vez de apagamento.<\/li>\n\n\n\n<li>Se apresentar uma objec\u00e7\u00e3o nos termos do artigo 21.\u00ba, n.\u00ba 1. 1 GDPR, um equil\u00edbrio deve ser alcan\u00e7ado entre seus interesses e os nossos. Enquanto ainda n\u00e3o for determinado quais os interesses que prevalecem, tem o direito de solicitar a restri\u00e7\u00e3o do tratamento dos seus dados pessoais.<\/li>\n\n\n\n<li>Se tiver restringido o tratamento dos seus dados pessoais, estes dados s\u00f3 podem ser tratados \u2013 para al\u00e9m do seu armazenamento \u2013 com o seu consentimento ou para o estabelecimento, exerc\u00edcio ou defesa de a\u00e7\u00f5es judiciais ou para a prote\u00e7\u00e3o dos direitos de outra pessoa singular ou coletiva ou por raz\u00f5es de interesse p\u00fablico importante da Uni\u00e3o Europeia ou de um Estado-Membro.<\/li>\n<\/ul>\n\n<h2 class=\"wp-block-heading\">Coleta de dados neste site<\/h2>\n\n<h3 class=\"wp-block-heading\" id=\"cookie-settings\">Bolinhos<\/h3>\n\n<p>Nosso site usa os chamados &#8220;cookies&#8221;. Os cookies s\u00e3o pequenos ficheiros de texto e n\u00e3o causam qualquer dano ao seu dispositivo. Eles s\u00e3o armazenados temporariamente durante uma sess\u00e3o (cookies de sess\u00e3o) ou permanentemente (cookies permanentes) no seu dispositivo. Os cookies de sess\u00e3o s\u00e3o automaticamente eliminados no final da sua visita. Os cookies permanentes permanecem armazenados no seu dispositivo at\u00e9 que voc\u00ea os exclua ou at\u00e9 que seu navegador os exclua automaticamente.<br\/>Em alguns casos, cookies de empresas terceirizadas tamb\u00e9m podem ser armazenados em seu dispositivo quando voc\u00ea entra em nosso site (cookies de terceiros). Estes permitem-nos ou a si utilizar determinados servi\u00e7os fornecidos pela empresa terceira (por exemplo, cookies para processar servi\u00e7os de pagamento).<br\/>Os cookies t\u00eam v\u00e1rias fun\u00e7\u00f5es. Muitos cookies s\u00e3o tecnicamente necess\u00e1rios, pois certas fun\u00e7\u00f5es do site n\u00e3o funcionariam sem eles (por exemplo, a fun\u00e7\u00e3o do carrinho de compras ou a exibi\u00e7\u00e3o de v\u00eddeos). Outros cookies s\u00e3o usados para avaliar o comportamento do usu\u00e1rio ou para exibir publicidade.<br\/>Os cookies necess\u00e1rios para realizar o processo de comunica\u00e7\u00e3o eletr\u00f4nica (cookies necess\u00e1rios) ou para fornecer determinadas fun\u00e7\u00f5es que voc\u00ea solicitou (cookies funcionais, por exemplo, para a fun\u00e7\u00e3o de carrinho de compras) ou para otimizar o site (por exemplo, cookies para medir a audi\u00eancia da web) s\u00e3o armazenados com base no Art. 6 par. 1 lit. f GDPR, a menos que outra base legal seja especificada. O operador do site tem um interesse leg\u00edtimo em armazenar cookies para a presta\u00e7\u00e3o tecnicamente livre de erros e otimizada de seus servi\u00e7os. Se o consentimento para o armazenamento de cookies tiver sido solicitado, o armazenamento dos cookies em quest\u00e3o \u00e9 realizado exclusivamente com base nesse consentimento (Art. 6, par\u00e1grafo 1, al\u00ednea a do GDPR); O consentimento pode ser revogado a qualquer momento.<br\/>Voc\u00ea pode configurar seu navegador para ser informado sobre a configura\u00e7\u00e3o de cookies e permitir cookies apenas em casos individuais, excluir a aceita\u00e7\u00e3o de cookies para determinados casos ou em geral e ativar a exclus\u00e3o autom\u00e1tica de cookies ao fechar o navegador. Se os cookies estiverem desativados, a funcionalidade deste site pode ser limitada. Se os cookies forem usados por empresas terceirizadas ou para fins de an\u00e1lise, informaremos voc\u00ea separadamente sobre isso no \u00e2mbito desta pol\u00edtica de privacidade e, se necess\u00e1rio, solicitaremos seu consentimento.<\/p>\n\n<p>Para gerenciar os cookies e tecnologias semelhantes usadas (pixels de rastreamento, web beacons, etc.) e os consentimentos relacionados, usamos a ferramenta de consentimento &#8220;Real Cookie Banner&#8221;. Para obter detalhes sobre como o Real Cookie Banner funciona, consulte <a rel=\"noreferrer noopener nofollow\" href=\"https:\/\/devowl.io\/de\/wissensdatenbank\/real-cookie-banner-datenverarbeitung\/\" target=\"_blank\">https:\/\/devowl.io\/de\/rcb\/datenverarbeitung\/<\/a>.<\/p>\n\n<p>O fornecimento de dados pessoais n\u00e3o \u00e9 contratualmente exigido nem necess\u00e1rio para a celebra\u00e7\u00e3o de um contrato. Voc\u00ea n\u00e3o \u00e9 obrigado a fornecer os dados pessoais. Se voc\u00ea n\u00e3o fornecer os dados pessoais, n\u00e3o poderemos gerenciar seus consentimentos.<\/p>\n\n<h3 class=\"wp-block-heading\">Configura\u00e7\u00f5es de cookies<\/h3>\n<button  href=\"#consent-change\" role=\"button\" id=\"rcb-sc-link-change\" data-success-message=\"\" class=\"rcb-sc-link rcb-sc-link-change \">Privatsph\u00e4re-Einstellungen \u00e4ndern<\/button>\n<button  href=\"#consent-history\" role=\"button\" id=\"rcb-sc-link-history\" data-success-message=\"\" class=\"rcb-sc-link rcb-sc-link-history \">Historie der Privatsph\u00e4re-Einstellungen<\/button>\n<button  href=\"#consent-revoke\" role=\"button\" id=\"rcb-sc-link-revoke\" data-success-message=\"Du hast die Einwilligung f\u00fcr Services mit dessen Cookies und Verarbeitung personenbezogener Daten erfolgreich widerrufen. Die Seite wird jetzt neu geladen!\" class=\"rcb-sc-link rcb-sc-link-revoke \">Einwilligungen widerrufen<\/button>\n\n<h2 class=\"wp-block-heading\">Redes Sociais<\/h2>\n\n<h3 class=\"wp-block-heading\">Plugins do Facebook (bot\u00e3o Curtir &amp; Compartilhar)<\/h3>\n\n<p>Plugins da rede social Facebook est\u00e3o integrados neste site. O provedor deste servi\u00e7o \u00e9 Facebook Ireland Limited, 4 Grand Canal Square, Dublin 2, Irlanda. No entanto, de acordo com o Facebook, os dados coletados tamb\u00e9m ser\u00e3o transferidos para os Estados Unidos e outros pa\u00edses terceiros.<br\/>Voc\u00ea pode reconhecer os plug-ins do Facebook pelo logotipo do Facebook ou pelo bot\u00e3o &#8220;Curtir&#8221; neste site.\nUma vis\u00e3o geral dos plug-ins do Facebook pode ser encontrada aqui: <a href=\"https:\/\/developers.facebook.com\/docs\/plugins\/\" rel=\"nofollow noopener\" target=\"_blank\">https:\/\/developers.facebook.com\/docs\/plugins\/?<\/a>.<br\/>Quando voc\u00ea visita este site, o plugin estabelece uma conex\u00e3o direta entre seu navegador e o servidor do Facebook.  Como resultado, o Facebook recebe a informa\u00e7\u00e3o de que voc\u00ea visitou este site com seu endere\u00e7o IP. Se voc\u00ea clicar no bot\u00e3o &#8220;Curtir&#8221; do Facebook enquanto estiver conectado \u00e0 sua conta do Facebook, poder\u00e1 vincular o conte\u00fado deste site ao seu perfil do Facebook. Isso permite que o Facebook atribua sua visita a este site \u00e0 sua conta de usu\u00e1rio. Gostar\u00edamos de salientar que n\u00f3s, como provedor das p\u00e1ginas, n\u00e3o temos conhecimento do conte\u00fado dos dados transmitidos ou de seu uso pelo Facebook. Mais informa\u00e7\u00f5es sobre isso podem ser encontradas na pol\u00edtica de privacidade do Facebook em: <a href=\"https:\/\/de-de.facebook.com\/privacy\/explanation\" rel=\"nofollow noopener\" target=\"_blank\">https:\/\/de-de.facebook.com\/privacy\/explanation<\/a>.<br\/>Se voc\u00ea n\u00e3o quiser que o Facebook possa atribuir a visita a este site \u00e0 sua conta de usu\u00e1rio do Facebook, saia da sua conta de usu\u00e1rio do Facebook.<br\/>O uso dos plug-ins do Facebook \u00e9 baseado no Art. 6 par. 1 lit. f RGPD. O operador do site tem um interesse leg\u00edtimo na maior visibilidade poss\u00edvel nas m\u00eddias sociais. Se tiver sido solicitado um consentimento correspondente, o tratamento \u00e9 efetuado exclusivamente com base no artigo 6.\u00ba, n.\u00ba 6. 1 lit. um GDPR; O consentimento pode ser revogado a qualquer momento.<br\/>A transfer\u00eancia de dados para os Estados Unidos \u00e9 baseada nas Cl\u00e1usulas Contratuais Padr\u00e3o da Comiss\u00e3o da UE.<br\/>Os detalhes podem ser encontrados aqui: <a href=\"https:\/\/de-de.facebook.com\/privacy\/explanation\" rel=\"nofollow noopener\" target=\"_blank\">https:\/\/www.facebook.com\/legal\/EU_data_transfer_addendum<\/a> e <a href=\"https:\/\/de-de.facebook.com\/help\/566994660333381\" rel=\"nofollow noopener\" target=\"_blank\">https:\/\/de-de.facebook.com\/help\/566994660333381<\/a>.<\/p>\n\n<h2 class=\"wp-block-heading\">Ferramentas de an\u00e1lise e publicidade<\/h2>\n\n<h3 class=\"wp-block-heading\">Estat\u00edsticas do WordPress<\/h3>\n\n<p>Este site usa &#8220;estat\u00edsticas do WordPress&#8221; para avaliar estatisticamente o acesso do visitante. O provedor \u00e9 Automattic Inc., 60 29th Street #343, San Francisco, CA 94110-4929, Estados Unidos.<br\/>As estat\u00edsticas do WordPress usam tecnologias que permitem o reconhecimento do usu\u00e1rio com a finalidade de analisar o comportamento do usu\u00e1rio (por exemplo, cookies ou impress\u00e3o digital do dispositivo). WordPress Statistics coleta, entre outras coisas, arquivos de log (referente, endere\u00e7o IP, navegador, etc.), a origem dos visitantes do site (pa\u00eds, cidade) e quais a\u00e7\u00f5es eles tomaram no site (por exemplo, cliques, visualiza\u00e7\u00f5es, downloads). As informa\u00e7\u00f5es coletadas dessa maneira sobre o uso deste site s\u00e3o armazenadas em servidores nos Estados Unidos.<br\/>Seu endere\u00e7o IP ser\u00e1 anonimizado ap\u00f3s o processamento e antes do armazenamento.<br\/>O uso desta ferramenta de an\u00e1lise \u00e9 baseado no Art. 6 par. 1 lit. f RGPD. O operador do site tem um interesse leg\u00edtimo na an\u00e1lise an\u00f4nima do comportamento do usu\u00e1rio, a fim de otimizar tanto seu site quanto sua publicidade. Se tiver sido solicitado um consentimento correspondente (por exemplo, consentimento para o armazenamento de cookies), o processamento \u00e9 realizado exclusivamente com base no Art. 6, par\u00e1g. 1 lit. um RGPD; O consentimento pode ser revogado a qualquer momento.<\/p>\n\n<h2 class=\"wp-block-heading\">Boletim informativo<\/h2>\n\n<h3 class=\"wp-block-heading\">Dados do boletim informativo<\/h3>\n\n<p>Se voc\u00ea gostaria de receber o boletim informativo oferecido no site, exigimos um endere\u00e7o de e-mail de voc\u00ea, bem como informa\u00e7\u00f5es que nos permitam verificar que voc\u00ea \u00e9 o propriet\u00e1rio do endere\u00e7o de e-mail fornecido e que voc\u00ea concorda em receber o boletim informativo. Outros dados n\u00e3o s\u00e3o coletados ou s\u00e3o coletados apenas de forma volunt\u00e1ria. Usamos esses dados exclusivamente para enviar as informa\u00e7\u00f5es solicitadas e n\u00e3o as repassamos a terceiros.<br\/>O processamento dos dados inseridos no formul\u00e1rio de registro do boletim informativo \u00e9 realizado exclusivamente com base no seu consentimento (Art. 6, par\u00e1grafo 1, al\u00ednea a do GDPR). Voc\u00ea pode revogar seu consentimento para o armazenamento de seus dados, seu endere\u00e7o de e-mail e seu uso para o envio do boletim informativo a qualquer momento, por exemplo, atrav\u00e9s do link &#8220;cancelar inscri\u00e7\u00e3o&#8221; no boletim informativo. A legalidade das opera\u00e7\u00f5es de processamento de dados que j\u00e1 ocorreram permanece inalterada pela revoga\u00e7\u00e3o.<br\/>Os dados que voc\u00ea depositou conosco com a finalidade de assinar o boletim informativo ser\u00e3o armazenados por n\u00f3s ou pelo provedor de servi\u00e7os de boletim informativo at\u00e9 que voc\u00ea cancele a assinatura do boletim informativo e ser\u00e3o exclu\u00eddos da lista de distribui\u00e7\u00e3o do boletim informativo ap\u00f3s voc\u00ea cancelar a assinatura do boletim informativo ou ap\u00f3s a finalidade deixar de existir. Reservamo-nos o direito de usar endere\u00e7os de e-mail de nossa lista de distribui\u00e7\u00e3o de boletins informativos a nosso pr\u00f3prio crit\u00e9rio dentro do escopo de nosso interesse leg\u00edtimo de acordo com o Art. 6, par\u00e1g. 1 lit. f GDPR.<br\/>Depois de cancelar a assinatura da lista de distribui\u00e7\u00e3o de boletins informativos, seu endere\u00e7o de e-mail pode ser armazenado em uma lista negra por n\u00f3s ou pelo provedor de servi\u00e7os de boletins informativos para evitar futuras correspond\u00eancias.\nOs dados da lista negra ser\u00e3o usados apenas para esse fim e n\u00e3o ser\u00e3o mesclados com outros dados.<br\/>Isso atende tanto ao seu interesse quanto ao nosso interesse em cumprir os requisitos legais ao enviar boletins informativos (interesse leg\u00edtimo na acep\u00e7\u00e3o do Art. 6, par\u00e1grafo 1, al\u00ednea f do RGPD).  O armazenamento na lista negra n\u00e3o \u00e9 limitado no tempo. Voc\u00ea pode se opor ao armazenamento se seus interesses superarem nosso interesse leg\u00edtimo.<\/p>\n\n<h2 class=\"wp-block-heading\">Plugins e ferramentas<\/h2>\n\n<h3 class=\"wp-block-heading\">YouTube com privacidade aprimorada<\/h3>\n\n<p>Este site incorpora v\u00eddeos do YouTube. O operador das p\u00e1ginas \u00e9 o Google Ireland Limited (&#8220;Google&#8221;), Gordon House, Barrow Street, Dublin 4, Irlanda.<br\/>Usamos o YouTube no modo de privacidade estendida. De acordo com o YouTube, este modo significa que o YouTube n\u00e3o armazena nenhuma informa\u00e7\u00e3o sobre os visitantes deste site antes de assistirem ao v\u00eddeo. Por outro lado, a transfer\u00eancia de dados para parceiros do YouTube n\u00e3o \u00e9 necessariamente exclu\u00edda pelo modo de prote\u00e7\u00e3o de dados estendido. Veja como o YouTube se conecta \u00e0 rede Google DoubleClick se voc\u00ea estiver assistindo a um v\u00eddeo.<br\/>Assim que voc\u00ea inicia um v\u00eddeo do YouTube neste site, ele se conecta aos servidores do YouTube.\nO servidor do YouTube \u00e9 informado sobre quais de nossas p\u00e1ginas voc\u00ea visitou.<br\/>Se voc\u00ea estiver conectado \u00e0 sua conta do YouTube, permitir\u00e1 que o YouTube atribua seu comportamento de navega\u00e7\u00e3o diretamente ao seu perfil pessoal.\nVoc\u00ea pode evitar isso saindo da sua conta do YouTube.<br\/>Al\u00e9m disso, depois de iniciar um v\u00eddeo, o YouTube pode armazenar v\u00e1rios cookies em seu dispositivo ou usar tecnologias de reconhecimento compar\u00e1veis (por exemplo, impress\u00e3o digital do dispositivo).   Desta forma, o YouTube pode obter informa\u00e7\u00f5es sobre os visitantes deste site. Essas informa\u00e7\u00f5es s\u00e3o usadas, entre outras coisas, para coletar estat\u00edsticas de v\u00eddeo, melhorar a experi\u00eancia do usu\u00e1rio e evitar tentativas de fraude.<br\/>Se necess\u00e1rio, outras opera\u00e7\u00f5es de processamento de dados podem ser acionadas ap\u00f3s o in\u00edcio de um v\u00eddeo do YouTube, sobre as quais n\u00e3o temos influ\u00eancia.<br\/>O YouTube \u00e9 usado no interesse de uma apresenta\u00e7\u00e3o atraente de nossas ofertas online.<br\/>Isso constitui um interesse leg\u00edtimo na acep\u00e7\u00e3o do Art. 6 par. 1 lit. f RGPD. Se tiver sido solicitado um consentimento correspondente, o tratamento \u00e9 efetuado exclusivamente com base no artigo 6.\u00ba, n.\u00ba 6. 1 lit. um GDPR; O consentimento pode ser revogado a qualquer momento.<br\/>Para obter mais informa\u00e7\u00f5es sobre privacidade no YouTube, consulte a pol\u00edtica de privacidade em: <a href=\"https:\/\/policies.google.com\/privacy?hl=de\" rel=\"nofollow noopener\" target=\"_blank\">https:\/\/policies.google.com\/privacy?hl=de<\/a>.<\/p>\n\n<h3 class=\"wp-block-heading\">Fonte Incr\u00edvel<\/h3>\n\n<p>Esta p\u00e1gina usa o Font Awesome para exibir fontes e \u00edcones de forma consistente. O provedor \u00e9 Fonticons, Inc., 6 Porter Road Apartment 3R, Cambridge, Massachusetts, Estados Unidos.<br\/>Quando voc\u00ea acessa uma p\u00e1gina, seu navegador carrega as fontes necess\u00e1rias no cache do navegador para exibir textos, fontes e s\u00edmbolos corretamente. Para fazer isso, o navegador que voc\u00ea est\u00e1 usando deve se conectar aos servidores do Font Awesome. Como resultado, Font Awesome torna-se ciente de que este site foi acessado atrav\u00e9s do seu endere\u00e7o IP. O uso do Font Awesome \u00e9 baseado no Art. 6 para. 1 lit. f RGPD. Temos um interesse leg\u00edtimo na apresenta\u00e7\u00e3o uniforme da fonte em nosso site. Se tiver sido solicitado um consentimento correspondente (por exemplo, consentimento para o armazenamento de cookies), o processamento \u00e9 realizado exclusivamente com base no Art. 6, par\u00e1g. 1 lit. um GDPR; O consentimento pode ser revogado a qualquer momento.<br\/>Se o seu navegador n\u00e3o suportar o Font Awesome, uma fonte padr\u00e3o ser\u00e1 usada pelo seu computador.<br\/>Para obter mais informa\u00e7\u00f5es sobre o Font Awesome, consulte a Pol\u00edtica de Privacidade do Font Awesome<br\/>sob: <a href=\"https:\/\/fontawesome.com\/privacy\" rel=\"nofollow noopener\" target=\"_blank\">https:\/\/fontawesome.com\/privacy<\/a>.<\/p>\n\n<h3 class=\"wp-block-heading\">Google Mapas<\/h3>\n\n<p>Este site utiliza o servi\u00e7o de mapas Google Maps. O provedor \u00e9 o Google Ireland Limited (&#8220;Google&#8221;), Gordon House, Barrow Street, Dublin 4, Irlanda.<br\/>Para usar as fun\u00e7\u00f5es do Google Maps, \u00e9 necess\u00e1rio armazenar seu endere\u00e7o IP. Essas informa\u00e7\u00f5es geralmente s\u00e3o transmitidas para um servidor do Google nos EUA e armazenadas l\u00e1. O provedor deste site n\u00e3o tem influ\u00eancia sobre essa transfer\u00eancia de dados.<br\/>A utiliza\u00e7\u00e3o do Google Maps \u00e9 do interesse de uma apresenta\u00e7\u00e3o apelativa das nossas ofertas online e de facilitar a localiza\u00e7\u00e3o dos locais que indicamos no site. Tal constitui um interesse leg\u00edtimo na acep\u00e7\u00e3o do artigo 6.\u00ba, n.\u00ba 6. 1 lit. f RGPD. Se tiver sido solicitado um consentimento correspondente, o tratamento \u00e9 efetuado exclusivamente com base no artigo 6.\u00ba, n.\u00ba 6. 1 lit. um GDPR; O consentimento pode ser revogado a qualquer momento.<br\/>A transfer\u00eancia de dados para os Estados Unidos \u00e9 baseada nas Cl\u00e1usulas Contratuais Padr\u00e3o da Comiss\u00e3o da UE.<br\/>Os detalhes podem ser encontrados aqui: <a href=\"https:\/\/privacy.google.com\/businesses\/gdprcontrollerterms\/\" rel=\"nofollow noopener\" target=\"_blank\">https:\/\/privacy.google.com\/businesses\/gdprcontrollerterms\/<\/a> e <a href=\"https:\/\/privacy.google.com\/businesses\/gdprcontrollerterms\/sccs\/\" rel=\"nofollow noopener\" target=\"_blank\">https:\/\/privacy.google.com\/businesses\/gdprcontrollerterms\/sccs\/<\/a>.<br\/>Voc\u00ea pode encontrar mais informa\u00e7\u00f5es sobre o tratamento de dados do usu\u00e1rio na pol\u00edtica de privacidade do Google: <a href=\"https:\/\/policies.google.com\/privacy?hl=de\" rel=\"nofollow noopener\" target=\"_blank\">https:\/\/policies.google.com\/privacy?hl=de<\/a>.<\/p>\n\n<h3 class=\"wp-block-heading\">Google reCAPTCHA<\/h3>\n\n<p>Usamos &#8220;Google reCAPTCHA&#8221; (doravante referido como &#8220;reCAPTCHA&#8221;) neste site. O provedor \u00e9 o Google Ireland Limited (&#8220;Google&#8221;), Gordon House, Barrow Street, Dublin 4, Irlanda.<br\/>O objetivo do reCAPTCHA \u00e9 verificar se os dados s\u00e3o inseridos neste site (por exemplo, em um formul\u00e1rio de contato) por um ser humano ou por um programa automatizado. Para isso, o reCAPTCHA analisa o comportamento do visitante do site com base em diversas caracter\u00edsticas. Essa an\u00e1lise come\u00e7a automaticamente assim que o visitante do site entra no site. Para an\u00e1lise, o reCAPTCHA avalia v\u00e1rias informa\u00e7\u00f5es (por exemplo, endere\u00e7o IP, tempo de perman\u00eancia do visitante do site no site ou movimentos do mouse feitos pelo usu\u00e1rio). Os dados coletados durante a an\u00e1lise s\u00e3o encaminhados ao Google.<br\/>As an\u00e1lises do reCAPTCHA s\u00e3o executadas completamente em segundo plano.\nOs visitantes do site n\u00e3o s\u00e3o informados de que uma an\u00e1lise est\u00e1 ocorrendo.<br\/>O armazenamento e a an\u00e1lise dos dados s\u00e3o realizados com base no Art. 6 par.  1 lit. f RGPD. O operador do site tem um interesse leg\u00edtimo em proteger suas ofertas da web contra espionagem automatizada abusiva e de SPAM. Se tiver sido solicitado um consentimento correspondente, o tratamento \u00e9 efetuado exclusivamente com base no artigo 6.\u00ba, n.\u00ba 6. 1 lit. um GDPR; O consentimento pode ser revogado a qualquer momento.<br\/>Para obter mais informa\u00e7\u00f5es sobre o Google reCAPTCHA, consulte a Pol\u00edtica de Privacidade do Google e os Termos de Servi\u00e7o do Google nos seguintes links:<br\/><a href=\"https:\/\/policies.google.com\/privacy?hl=de.\" rel=\"nofollow noopener\" target=\"_blank\">https:\/\/policies.google.com\/privacy?hl=de<\/a> e <a href=\"https:\/\/policies.google.com\/terms?hl=de\" rel=\"nofollow noopener\" target=\"_blank\">https:\/\/policies.google.com\/terms?hl=de<\/a>.<\/p>\n","protected":false},"excerpt":{"rendered":"<p>Resumo da prote\u00e7\u00e3o de dados Informa\u00e7\u00f5es gerais As informa\u00e7\u00f5es a seguir fornecem uma vis\u00e3o geral simples do que acontece com seus dados pessoais quando voc\u00ea visita este site. Dados pessoais s\u00e3o quaisquer dados que possam ser usados para identific\u00e1-lo pessoalmente. Informa\u00e7\u00f5es detalhadas sobre o assunto de prote\u00e7\u00e3o de dados podem ser encontradas em nossa pol\u00edtica [&hellip;]<\/p>\n","protected":false},"author":1,"featured_media":0,"parent":0,"menu_order":0,"comment_status":"closed","ping_status":"closed","template":"","meta":{"ocean_post_layout":"","ocean_both_sidebars_style":"","ocean_both_sidebars_content_width":0,"ocean_both_sidebars_sidebars_width":0,"ocean_sidebar":"0","ocean_second_sidebar":"0","ocean_disable_margins":"enable","ocean_add_body_class":"","ocean_shortcode_before_top_bar":"","ocean_shortcode_after_top_bar":"","ocean_shortcode_before_header":"","ocean_shortcode_after_header":"","ocean_has_shortcode":"","ocean_shortcode_after_title":"","ocean_shortcode_before_footer_widgets":"","ocean_shortcode_after_footer_widgets":"","ocean_shortcode_before_footer_bottom":"","ocean_shortcode_after_footer_bottom":"","ocean_display_top_bar":"default","ocean_display_header":"default","ocean_header_style":"","ocean_center_header_left_menu":"0","ocean_custom_header_template":"0","ocean_custom_logo":0,"ocean_custom_retina_logo":0,"ocean_custom_logo_max_width":0,"ocean_custom_logo_tablet_max_width":0,"ocean_custom_logo_mobile_max_width":0,"ocean_custom_logo_max_height":0,"ocean_custom_logo_tablet_max_height":0,"ocean_custom_logo_mobile_max_height":0,"ocean_header_custom_menu":"0","ocean_menu_typo_font_family":"0","ocean_menu_typo_font_subset":"","ocean_menu_typo_font_size":0,"ocean_menu_typo_font_size_tablet":0,"ocean_menu_typo_font_size_mobile":0,"ocean_menu_typo_font_size_unit":"px","ocean_menu_typo_font_weight":"","ocean_menu_typo_font_weight_tablet":"","ocean_menu_typo_font_weight_mobile":"","ocean_menu_typo_transform":"","ocean_menu_typo_transform_tablet":"","ocean_menu_typo_transform_mobile":"","ocean_menu_typo_line_height":0,"ocean_menu_typo_line_height_tablet":0,"ocean_menu_typo_line_height_mobile":0,"ocean_menu_typo_line_height_unit":"","ocean_menu_typo_spacing":0,"ocean_menu_typo_spacing_tablet":0,"ocean_menu_typo_spacing_mobile":0,"ocean_menu_typo_spacing_unit":"","ocean_menu_link_color":"","ocean_menu_link_color_hover":"","ocean_menu_link_color_active":"","ocean_menu_link_background":"","ocean_menu_link_hover_background":"","ocean_menu_link_active_background":"","ocean_menu_social_links_bg":"","ocean_menu_social_hover_links_bg":"","ocean_menu_social_links_color":"","ocean_menu_social_hover_links_color":"","ocean_disable_title":"default","ocean_disable_heading":"default","ocean_post_title":"","ocean_post_subheading":"","ocean_post_title_style":"","ocean_post_title_background_color":"","ocean_post_title_background":0,"ocean_post_title_bg_image_position":"","ocean_post_title_bg_image_attachment":"","ocean_post_title_bg_image_repeat":"","ocean_post_title_bg_image_size":"","ocean_post_title_height":0,"ocean_post_title_bg_overlay":0.5,"ocean_post_title_bg_overlay_color":"","ocean_disable_breadcrumbs":"default","ocean_breadcrumbs_color":"","ocean_breadcrumbs_separator_color":"","ocean_breadcrumbs_links_color":"","ocean_breadcrumbs_links_hover_color":"","ocean_display_footer_widgets":"default","ocean_display_footer_bottom":"default","ocean_custom_footer_template":"0","footnotes":""},"class_list":["post-613","page","type-page","status-publish","hentry","entry"],"_links":{"self":[{"href":"https:\/\/wiki.edv-cad.de\/pt-br\/wp-json\/wp\/v2\/pages\/613","targetHints":{"allow":["GET"]}}],"collection":[{"href":"https:\/\/wiki.edv-cad.de\/pt-br\/wp-json\/wp\/v2\/pages"}],"about":[{"href":"https:\/\/wiki.edv-cad.de\/pt-br\/wp-json\/wp\/v2\/types\/page"}],"author":[{"embeddable":true,"href":"https:\/\/wiki.edv-cad.de\/pt-br\/wp-json\/wp\/v2\/users\/1"}],"replies":[{"embeddable":true,"href":"https:\/\/wiki.edv-cad.de\/pt-br\/wp-json\/wp\/v2\/comments?post=613"}],"version-history":[{"count":0,"href":"https:\/\/wiki.edv-cad.de\/pt-br\/wp-json\/wp\/v2\/pages\/613\/revisions"}],"wp:attachment":[{"href":"https:\/\/wiki.edv-cad.de\/pt-br\/wp-json\/wp\/v2\/media?parent=613"}],"curies":[{"name":"wp","href":"https:\/\/api.w.org\/{rel}","templated":true}]}}