{"id":921,"date":"2022-10-05T05:46:03","date_gmt":"2022-10-05T03:46:03","guid":{"rendered":"https:\/\/wiki.edv-cad.de\/polityka-prywatnosci\/"},"modified":"2024-07-31T04:56:49","modified_gmt":"2024-07-31T02:56:49","slug":"polityka-prywatnosci","status":"publish","type":"page","link":"https:\/\/wiki.edv-cad.de\/pl\/polityka-prywatnosci\/","title":{"rendered":"Polityka prywatno\u015bci"},"content":{"rendered":"\n<h2 class=\"wp-block-heading\">Ochrona danych w skr\u00f3cie<\/h2>\n\n<h3 class=\"wp-block-heading\">Informacje og\u00f3lne<\/h3>\n\n<p>Poni\u017csze informacje stanowi\u0105 prosty przegl\u0105d tego, co dzieje si\u0119 z Twoimi danymi osobowymi podczas odwiedzania tej strony internetowej. Dane osobowe to wszelkie dane, kt\u00f3re mog\u0105 by\u0107 wykorzystane do identyfikacji u\u017cytkownika. Szczeg\u00f3\u0142owe informacje na temat ochrony danych osobowych mo\u017cna znale\u017a\u0107 w naszej polityce prywatno\u015bci wymienionej pod tym tekstem.<\/p>\n\n<h3 class=\"wp-block-heading\">Gromadzenie danych na tej stronie internetowej<\/h3>\n\n<p>Kto jest odpowiedzialny za gromadzenie danych na tej stronie internetowej?<\/p>\n\n<p>Przetwarzanie danych na tej stronie internetowej odbywa si\u0119 przez operatora strony internetowej. Ich dane kontaktowe mo\u017cna znale\u017a\u0107 w sekcji &#8222;Uwaga dotycz\u0105ca podmiotu odpowiedzialnego&#8221; w niniejszej polityce prywatno\u015bci.<\/p>\n\n<h3 class=\"wp-block-heading\">W jaki spos\u00f3b gromadzimy Twoje dane?<\/h3>\n\n<p>Z jednej strony Twoje dane s\u0105 gromadzone, gdy nam je przekazujesz. Mog\u0105 to by\u0107 np. dane, kt\u00f3re wprowadzasz do formularza kontaktowego.<br\/>Inne dane s\u0105 zbierane automatycznie lub za Twoj\u0105 zgod\u0105 podczas odwiedzania strony internetowej przez nasze systemy informatyczne. S\u0105 to g\u0142\u00f3wnie dane techniczne (np. przegl\u0105darka internetowa, system operacyjny czy czas wej\u015bcia na stron\u0119). Dane te s\u0105 zbierane automatycznie, gdy tylko wejdziesz na t\u0119 stron\u0119 internetow\u0105.<\/p>\n\n<h3 class=\"wp-block-heading\">Do czego wykorzystujemy Twoje dane?<\/h3>\n\n<p>Cz\u0119\u015b\u0107 danych jest gromadzona w celu zapewnienia bezb\u0142\u0119dnego dzia\u0142ania strony internetowej. Inne dane mog\u0105 by\u0107 wykorzystywane do analizy zachowania u\u017cytkownika.<\/p>\n\n<h3 class=\"wp-block-heading\">Jakie prawa przys\u0142uguj\u0105 Ci w odniesieniu do Twoich danych?<\/h3>\n\n<p>W ka\u017cdej chwili maj\u0105 Pa\u0144stwo prawo do bezp\u0142atnej informacji o pochodzeniu, odbiorcy i celu przechowywanych danych osobowych. Maj\u0105 Pa\u0144stwo r\u00f3wnie\u017c prawo do \u017c\u0105dania sprostowania lub usuni\u0119cia tych danych. Je\u015bli wyrazili Pa\u0144stwo zgod\u0119 na przetwarzanie danych, mog\u0105 j\u0105 Pa\u0144stwo w ka\u017cdej chwili odwo\u0142a\u0107 ze skutkiem na przysz\u0142o\u015b\u0107. Maj\u0105 Pa\u0144stwo r\u00f3wnie\u017c prawo do \u017c\u0105dania ograniczenia przetwarzania Pa\u0144stwa danych osobowych w okre\u015blonych okoliczno\u015bciach.<br\/>Ponadto maj\u0105 Pa\u0144stwo prawo do wniesienia skargi do w\u0142a\u015bciwego organu nadzorczego.<br\/>W ka\u017cdej chwili mo\u017cesz skontaktowa\u0107 si\u0119 z nami w przypadku tych i innych pyta\u0144 dotycz\u0105cych ochrony danych.<\/p>\n\n<h3 class=\"wp-block-heading\">Analityka i narz\u0119dzia innych firm<\/h3>\n\n<p>Kiedy odwiedzasz t\u0119 stron\u0119 internetow\u0105, Twoje zachowanie podczas surfowania mo\u017ce by\u0107 oceniane statystycznie. Odbywa si\u0119 to g\u0142\u00f3wnie za pomoc\u0105 tak zwanych program\u00f3w analitycznych.<br\/>Szczeg\u00f3\u0142owe informacje na temat tych program\u00f3w analitycznych mo\u017cna znale\u017a\u0107 w poni\u017cszej polityce prywatno\u015bci.<\/p>\n\n<h2 class=\"wp-block-heading\">Hosting i sieci dostarczania tre\u015bci (CDN)<\/h2>\n\n<h3 class=\"wp-block-heading\">Hosting zewn\u0119trzny<\/h3>\n\n<p>Ta strona internetowa jest hostowana przez zewn\u0119trznego us\u0142ugodawc\u0119. Dane osobowe zebrane na tej stronie internetowej s\u0105 przechowywane na serwerach hostingodawcy. Mog\u0105 to by\u0107 mi\u0119dzy innymi adresy IP, pro\u015bby o kontakt, metadane i dane komunikacyjne, dane dotycz\u0105ce um\u00f3w, dane kontaktowe, imiona i nazwiska, wej\u015bcia na stron\u0119 internetow\u0105 i inne dane generowane za po\u015brednictwem strony internetowej.<br\/>Us\u0142ugodawca hostingowy jest wykorzystywany w celu realizacji umowy z naszymi potencjalnymi i obecnymi klientami (art. 6 ust. 1 lit. b RODO) oraz w interesie bezpiecznego, szybkiego i efektywnego udost\u0119pniania naszej oferty online przez profesjonalnego dostawc\u0119 (art. 6 ust. 1 lit. f RODO).<br\/>Nasz hostingodawca b\u0119dzie przetwarza\u0142 Pa\u0144stwa dane wy\u0142\u0105cznie w zakresie niezb\u0119dnym do wype\u0142nienia swoich zobowi\u0105za\u0144 w zakresie \u015bwiadczenia us\u0142ug i b\u0119dzie post\u0119powa\u0142 zgodnie z naszymi instrukcjami w odniesieniu do tych danych.<br\/>Korzystamy z us\u0142ug nast\u0119puj\u0105cego hostingodawcy:<br\/>ALL-INKL.COM<br\/>Hauptstra\u00dfe 68<br\/>D-02742 Friedersdorf<\/p>\n\n<h3 class=\"wp-block-heading\">Zawarcie umowy o realizacj\u0119 zam\u00f3wienia<\/h3>\n\n<p>Aby zapewni\u0107 przetwarzanie danych zgodnie z przepisami o ochronie danych, zawarli\u015bmy z naszym hostingodawc\u0105 umow\u0119 o realizacj\u0119 zam\u00f3wie\u0144.<\/p>\n\n<h2 class=\"wp-block-heading\">Informacje og\u00f3lne i obowi\u0105zkowe<\/h2>\n\n<h3 class=\"wp-block-heading\">Prywatno\u015b\u0107<\/h3>\n\n<p>Operatorzy tych stron bardzo powa\u017cnie traktuj\u0105 ochron\u0119 Pa\u0144stwa danych osobowych. Traktujemy Pa\u0144stwa dane osobowe w spos\u00f3b poufny i zgodnie z ustawowymi przepisami o ochronie danych oraz niniejsz\u0105 polityk\u0105 prywatno\u015bci.<br\/>Podczas korzystania z tej strony internetowej gromadzone s\u0105 r\u00f3\u017cne dane osobowe.<br\/>Dane osobowe to dane, kt\u00f3re mog\u0105 by\u0107 wykorzystane do identyfikacji u\u017cytkownika. Niniejsza polityka prywatno\u015bci wyja\u015bnia, jakie dane gromadzimy i do czego je wykorzystujemy. Wyja\u015bnia r\u00f3wnie\u017c, jak i w jakim celu to si\u0119 robi.<br\/>Zwracamy uwag\u0119, \u017ce transmisja danych w Internecie (np. podczas komunikacji za po\u015brednictwem poczty elektronicznej) mo\u017ce mie\u0107 luki w zabezpieczeniach. Nie jest mo\u017cliwe ca\u0142kowite zabezpieczenie danych przed dost\u0119pem os\u00f3b trzecich.<\/p>\n\n<h3 class=\"wp-block-heading\">Uwaga dotycz\u0105ca organu odpowiedzialnego<\/h3>\n\n<p>Osob\u0105 odpowiedzialn\u0105 za przetwarzanie danych na tej stronie internetowej jest:<br\/>edv &amp; cad group<br\/>ul. Buchbichl 38<br\/>D-83737 Irschenberg<br\/>Telefon: <a href=\"tel:00498025995969\">+49 (0) 8025 \/ 99 59 69<\/a><br\/>E-mail: <a href=\"mailto:info@edv-cad.de\">info@edv-cad.de<\/a><br\/>Administratorem danych jest osoba fizyczna lub prawna, kt\u00f3ra samodzielnie lub wsp\u00f3lnie z innymi decyduje o celach i sposobach przetwarzania danych osobowych (np. imion i nazwisk, adres\u00f3w e-mail itp.).<\/p>\n\n<h3 class=\"wp-block-heading\">Okres przechowywania<\/h3>\n\n<p>O ile w niniejszej polityce prywatno\u015bci nie okre\u015blono bardziej szczeg\u00f3\u0142owego okresu przechowywania, Pa\u0144stwa dane osobowe pozostan\u0105 u nas do momentu ustania celu, dla kt\u00f3rego przetwarzanie danych przestanie obowi\u0105zywa\u0107. Je\u015bli z\u0142o\u017cysz uzasadniony wniosek o usuni\u0119cie lub cofniesz zgod\u0119 na przetwarzanie danych, Twoje dane zostan\u0105 usuni\u0119te, chyba \u017ce b\u0119dziemy mieli inne prawnie dopuszczalne podstawy do przechowywania Twoich danych osobowych (np. okresy przechowywania wynikaj\u0105ce z prawa podatkowego lub handlowego); W tym ostatnim przypadku usuni\u0119cie nast\u0105pi po ustaniu tych przyczyn.<\/p>\n\n<h3 class=\"wp-block-heading\">Wskaz\u00f3wka dotycz\u0105ca przekazywania danych do USA<\/h3>\n\n<p>Na naszej stronie internetowej zintegrowane s\u0105 mi\u0119dzy innymi narz\u0119dzia firm z siedzib\u0105 w USA. Gdy te narz\u0119dzia s\u0105 aktywne, Twoje dane osobowe mog\u0105 by\u0107 udost\u0119pniane serwerom odpowiednich firm w USA. Zwracamy uwag\u0119, \u017ce USA nie jest bezpiecznym krajem trzecim w rozumieniu unijnego prawa o ochronie danych. Firmy ameryka\u0144skie s\u0105 zobowi\u0105zane do przekazywania danych osobowych organom bezpiecze\u0144stwa, a Ty jako osoba, kt\u00f3rej dane dotycz\u0105, nie masz mo\u017cliwo\u015bci podj\u0119cia krok\u00f3w prawnych przeciwko nim.<br\/>W zwi\u0105zku z tym nie mo\u017cna wykluczy\u0107, \u017ce w\u0142adze ameryka\u0144skie (np. s\u0142u\u017cby wywiadowcze) przetwarzaj\u0105, analizuj\u0105 i trwale przechowuj\u0105 Pa\u0144stwa dane na serwerach ameryka\u0144skich w celach inwigilacyjnych. Nie mamy kontroli nad tymi czynno\u015bciami przetwarzania.<\/p>\n\n<h3 class=\"wp-block-heading\">Wycofanie zgody na przetwarzanie danych<\/h3>\n\n<p>Wiele operacji przetwarzania danych jest mo\u017cliwych tylko za Pa\u0144stwa wyra\u017an\u0105 zgod\u0105. W ka\u017cdej chwili mo\u017cesz wycofa\u0107 swoj\u0105 zgod\u0119. Wycofanie zgody nie ma wp\u0142ywu na zgodno\u015b\u0107 z prawem przetwarzania danych, kt\u00f3rego dokonano do momentu odwo\u0142ania.<\/p>\n\n<h3 class=\"wp-block-heading\">Prawo do sprzeciwu wobec gromadzenia danych w szczeg\u00f3lnych przypadkach oraz wobec marketingu bezpo\u015bredniego (art. 21 RODO)<\/h3>\n\n<p>JE\u017bELI PRZETWARZANIE DANYCH ODBYWA SI\u0118 NA PODSTAWIE ART. 6 UST. 1 LIT. A) RODO. 1 LIT. E) LUB F RODO, MAJ\u0104 PA\u0143STWO PRAWO W DOWOLNYM MOMENCIE WNIE\u015a\u0106 SPRZECIW WOBEC PRZETWARZANIA PA\u0143STWA DANYCH OSOBOWYCH Z PRZYCZYN ZWI\u0104ZANYCH Z PA\u0143STWA SZCZEG\u00d3LN\u0104 SYTUACJ\u0104; DOTYCZY TO R\u00d3WNIE\u017b PROFILOWANIA NA PODSTAWIE TYCH PRZEPIS\u00d3W. ODPOWIEDNI\u0104 PODSTAW\u0118 PRAWN\u0104, NA KT\u00d3REJ OPIERA SI\u0118 PRZETWARZANIE DANYCH, MO\u017bNA ZNALE\u0179\u0106 W NINIEJSZEJ POLITYCE PRYWATNO\u015aCI. W PRZYPADKU WNIESIENIA SPRZECIWU NIE B\u0118DZIEMY JU\u017b PRZETWARZA\u0106 PA\u0143STWA DANYCH OSOBOWYCH, KT\u00d3RE ZOSTAN\u0104 NARUSZONE,<br\/>CHYBA \u017bE B\u0118DZIEMY W STANIE WYKAZA\u0106 WA\u017bNE PRAWNIE UZASADNIONE PODSTAWY DO PRZETWARZANIA, KT\u00d3RE PRZEWA\u017bAJ\u0104 NAD PA\u0143STWA INTERESAMI, PRAWAMI I WOLNO\u015aCIAMI, LUB PRZETWARZANIE S\u0141U\u017bY DOCHODZENIU, WYKONYWANIU LUB OBRONIE ROSZCZE\u0143 PRAWNYCH (SPRZECIW ZGODNIE Z ART. 21 UST. 1 RODO).<br\/>JE\u017bELI PANI\/PANA DANE OSOBOWE S\u0104 PRZETWARZANE W CELU MARKETINGU BEZPO\u015aREDNIEGO, MA PANI\/PAN PRAWO W DOWOLNYM MOMENCIE WNIE\u015a\u0106 SPRZECIW WOBEC PRZETWARZANIA DOTYCZ\u0104CYCH PANI\/PANA DANYCH OSOBOWYCH NA POTRZEBY TAKIEGO MARKETINGU; DOTYCZY TO R\u00d3WNIE\u017b PROFILOWANIA, O ILE JEST ONO ZWI\u0104ZANE Z TAK\u0104 REKLAM\u0104 BEZPO\u015aREDNI\u0104. W PRZYPADKU WNIESIENIA SPRZECIWU PA\u0143STWA DANE OSOBOWE NIE B\u0118D\u0104 JU\u017b WYKORZYSTYWANE DO CEL\u00d3W MARKETINGU BEZPO\u015aREDNIEGO (SPRZECIW ZGODNIE Z ART. 21 UST. 2 RODO).<\/p>\n\n<h3 class=\"wp-block-heading\">Prawo do wniesienia skargi do w\u0142a\u015bciwego organu nadzorczego<\/h3>\n\n<p>W przypadku naruszenia RODO osoby, kt\u00f3rych dane dotycz\u0105, maj\u0105 prawo do wniesienia skargi do organu nadzorczego, w szczeg\u00f3lno\u015bci w pa\u0144stwie cz\u0142onkowskim ich zwyk\u0142ego pobytu, miejsca pracy lub miejsca pope\u0142nienia domniemanego naruszenia. Prawo do odwo\u0142ania przys\u0142uguje bez uszczerbku dla innych administracyjnych lub s\u0105dowych \u015brodk\u00f3w odwo\u0142awczych.<br\/>Prawo do przenoszenia danych U\u017cytkownik ma prawo do tego, aby dane, kt\u00f3re przetwarzamy automatycznie na podstawie jego zgody lub w ramach wykonywania umowy, zosta\u0142y przekazane u\u017cytkownikowi lub osobie trzeciej w powszechnie u\u017cywanym formacie nadaj\u0105cym si\u0119 do odczytu maszynowego. Je\u015bli za\u017c\u0105daj\u0105 Pa\u0144stwo bezpo\u015bredniego przekazania danych innemu administratorowi, nast\u0105pi to tylko w zakresie, w jakim jest to technicznie wykonalne.<\/p>\n\n<h3 class=\"wp-block-heading\">Szyfrowanie SSL lub TLS<\/h3>\n\n<p>Ze wzgl\u0119d\u00f3w bezpiecze\u0144stwa i w celu ochrony transmisji poufnych tre\u015bci, takich jak zam\u00f3wienia lub zapytania, kt\u00f3re wysy\u0142asz do nas jako operatora witryny, ta strona korzysta z szyfrowania SSL lub TLS. Po\u0142\u0105czenie szyfrowane mo\u017cna rozpozna\u0107 po tym, \u017ce pasek adresu przegl\u0105darki zmienia si\u0119 z &#8222;http:\/\/&#8221; na &#8222;https:\/\/&#8221; oraz po symbolu k\u0142\u00f3dki w wierszu przegl\u0105darki.<br\/>Je\u015bli szyfrowanie SSL lub TLS jest aktywne, dane, kt\u00f3re nam przekazujesz, nie mog\u0105 by\u0107 odczytane przez osoby trzecie.<\/p>\n\n<h3 class=\"wp-block-heading\">Informacje, usuwanie i korekta<\/h3>\n\n<p>W ramach obowi\u0105zuj\u0105cych przepis\u00f3w prawa maj\u0105 Pa\u0144stwo prawo do bezp\u0142atnej informacji o przechowywanych danych osobowych, ich pochodzeniu i odbiorcach oraz celu przetwarzania danych w dowolnym momencie, a w razie potrzeby prawo do sprostowania lub usuni\u0119cia tych danych. W ka\u017cdej chwili mo\u017cesz skontaktowa\u0107 si\u0119 z nami, je\u015bli masz dodatkowe pytania dotycz\u0105ce danych osobowych.<\/p>\n\n<h3 class=\"wp-block-heading\">Prawo do ograniczenia przetwarzania<\/h3>\n\n<p>Maj\u0105 Pa\u0144stwo prawo do \u017c\u0105dania ograniczenia przetwarzania Pa\u0144stwa danych osobowych.<br\/>W tym celu mo\u017cesz si\u0119 z nami skontaktowa\u0107 w dowolnym momencie. Prawo do ograniczenia przetwarzania przys\u0142uguje w nast\u0119puj\u0105cych przypadkach:<\/p>\n\n<ul class=\"wp-block-list\">\n<li>Je\u015bli kwestionujesz prawid\u0142owo\u015b\u0107 przechowywanych przez nas Twoich danych osobowych, zwykle potrzebujemy czasu, aby to zweryfikowa\u0107. Na czas trwania kontroli masz prawo \u017c\u0105da\u0107 ograniczenia przetwarzania Twoich danych osobowych.<\/li>\n\n\n\n<li>Je\u015bli przetwarzanie Pa\u0144stwa danych osobowych by\u0142o\/jest niezgodne z prawem, mog\u0105 Pa\u0144stwo za\u017c\u0105da\u0107 ograniczenia przetwarzania danych zamiast ich usuni\u0119cia.<\/li>\n\n\n\n<li>Je\u015bli nie potrzebujemy ju\u017c Twoich danych osobowych, ale s\u0105 one potrzebne do wykonywania, obrony lub dochodzenia roszcze\u0144 prawnych, masz prawo za\u017c\u0105da\u0107 ograniczenia przetwarzania Twoich danych osobowych zamiast ich usuni\u0119cia.<\/li>\n\n\n\n<li>W przypadku wniesienia sprzeciwu zgodnie z art. 21 ust. 1 lit. a) RODO. Zgodnie z art. 1 RODO nale\u017cy zachowa\u0107 r\u00f3wnowag\u0119 mi\u0119dzy Pa\u0144stwa interesami a naszymi. Dop\u00f3ki nie zostanie ustalone, czyje interesy przewa\u017caj\u0105, maj\u0105 Pa\u0144stwo prawo za\u017c\u0105da\u0107 ograniczenia przetwarzania Pa\u0144stwa danych osobowych.<\/li>\n\n\n\n<li>Je\u017celi ograniczyli Pa\u0144stwo przetwarzanie swoich danych osobowych, dane te mog\u0105 by\u0107 przetwarzane \u2013 poza ich przechowywaniem \u2013 wy\u0142\u0105cznie za Pa\u0144stwa zgod\u0105 lub w celu ustalenia, dochodzenia lub obrony roszcze\u0144 prawnych lub w celu ochrony praw innej osoby fizycznej lub prawnej lub ze wzgl\u0119du na wa\u017cny interes publiczny Unii Europejskiej lub pa\u0144stwa cz\u0142onkowskiego.<\/li>\n<\/ul>\n\n<h2 class=\"wp-block-heading\">Gromadzenie danych na tej stronie internetowej<\/h2>\n\n<h3 class=\"wp-block-heading\" id=\"cookie-settings\">Pliki cookie<\/h3>\n\n<p>Nasza strona internetowa wykorzystuje tzw. pliki &#8222;cookies&#8221;. Pliki cookie s\u0105 ma\u0142ymi plikami tekstowymi i nie powoduj\u0105 \u017cadnych szk\u00f3d w urz\u0105dzeniu u\u017cytkownika. S\u0105 one przechowywane tymczasowo na czas trwania sesji (sesyjne pliki cookie) lub na sta\u0142e (sta\u0142e pliki cookie) na urz\u0105dzeniu u\u017cytkownika. Sesyjne pliki cookie s\u0105 automatycznie usuwane po zako\u0144czeniu wizyty. Sta\u0142e pliki cookie s\u0105 przechowywane na Twoim urz\u0105dzeniu do momentu, gdy samodzielnie je usuniesz lub do momentu, gdy Twoja przegl\u0105darka internetowa usunie je automatycznie.<br\/>W niekt\u00f3rych przypadkach pliki cookie firm trzecich mog\u0105 by\u0107 r\u00f3wnie\u017c przechowywane na Twoim urz\u0105dzeniu podczas wchodzenia na nasz\u0105 stron\u0119 internetow\u0105 (pliki cookie stron trzecich). Umo\u017cliwiaj\u0105 one nam lub Pa\u0144stwu korzystanie z okre\u015blonych us\u0142ug \u015bwiadczonych przez firm\u0119 zewn\u0119trzn\u0105 (np. pliki cookie do przetwarzania us\u0142ug p\u0142atniczych).<br\/>Pliki cookie pe\u0142ni\u0105 r\u00f3\u017cne funkcje. Wiele plik\u00f3w cookie jest technicznie niezb\u0119dnych, poniewa\u017c bez nich niekt\u00f3re funkcje strony internetowej nie dzia\u0142a\u0142yby (np. funkcja koszyka na zakupy lub wy\u015bwietlanie film\u00f3w). Inne pliki cookie s\u0105 wykorzystywane do oceny zachowania u\u017cytkownika lub do wy\u015bwietlania reklam.<br\/>Pliki cookie, kt\u00f3re s\u0105 niezb\u0119dne do przeprowadzenia procesu komunikacji elektronicznej (niezb\u0119dne pliki cookie) lub do zapewnienia okre\u015blonych funkcji, o kt\u00f3re prosi u\u017cytkownik (funkcjonalne pliki cookie, np. do funkcji koszyka na zakupy) lub do optymalizacji strony internetowej (np. pliki cookie do pomiaru ogl\u0105dalno\u015bci sieci) s\u0105 przechowywane na podstawie art. 6 ust. 1 lit. a) RODO. 1 lit. f RODO, chyba \u017ce wskazano inn\u0105 podstaw\u0119 prawn\u0105. Operator strony internetowej ma uzasadniony interes w przechowywaniu plik\u00f3w cookie w celu technicznie bezb\u0142\u0119dnego i zoptymalizowanego \u015bwiadczenia swoich us\u0142ug. Je\u017celi poproszono o zgod\u0119 na przechowywanie plik\u00f3w cookie, przechowywanie przedmiotowych plik\u00f3w cookie odbywa si\u0119 wy\u0142\u0105cznie na podstawie tej zgody (art. 6 ust. 1 lit. a RODO); Zgoda mo\u017ce by\u0107 w ka\u017cdej chwili odwo\u0142ana.<br\/>Mo\u017cesz ustawi\u0107 swoj\u0105 przegl\u0105dark\u0119 w taki spos\u00f3b, aby by\u0142 informowany o ustawieniu plik\u00f3w cookie i zezwala\u0142 na pliki cookie tylko w pojedynczych przypadkach, wyklucza\u0142 akceptacj\u0119 plik\u00f3w cookie w okre\u015blonych przypadkach lub og\u00f3lnie i aktywowa\u0142 automatyczne usuwanie plik\u00f3w cookie po zamkni\u0119ciu przegl\u0105darki. Je\u015bli pliki cookie s\u0105 wy\u0142\u0105czone, funkcjonalno\u015b\u0107 tej strony internetowej mo\u017ce by\u0107 ograniczona. Je\u015bli pliki cookie s\u0105 wykorzystywane przez firmy zewn\u0119trzne lub do cel\u00f3w analitycznych, poinformujemy Ci\u0119 o tym oddzielnie w ramach niniejszej polityki prywatno\u015bci i w razie potrzeby poprosimy o zgod\u0119.<\/p>\n\n<p>Do zarz\u0105dzania u\u017cywanymi plikami cookie i podobnymi technologiami (piksele \u015bledz\u0105ce, sygna\u0142y nawigacyjne itp.) oraz powi\u0105zanymi zgodami korzystamy z narz\u0119dzia do wyra\u017cania zgody &#8222;Real Cookie Banner&#8221;. Aby uzyska\u0107 szczeg\u00f3\u0142owe informacje na temat dzia\u0142ania Real Cookie Banner, zobacz <a rel=\"noreferrer noopener nofollow\" href=\"https:\/\/devowl.io\/de\/wissensdatenbank\/real-cookie-banner-datenverarbeitung\/\" target=\"_blank\">https:\/\/devowl.io\/de\/rcb\/datenverarbeitung\/<\/a>.<\/p>\n\n<p>Podanie danych osobowych nie jest ani umownie wymagane, ani konieczne do zawarcia umowy. Podanie danych osobowych nie jest obowi\u0105zkowe. Je\u015bli nie podasz danych osobowych, nie b\u0119dziemy mogli zarz\u0105dza\u0107 Twoimi zgodami.<\/p>\n\n<h3 class=\"wp-block-heading\">Ustawienia plik\u00f3w cookie<\/h3>\n<button  href=\"#consent-change\" role=\"button\" id=\"rcb-sc-link-change\" data-success-message=\"\" class=\"rcb-sc-link rcb-sc-link-change \">Privatsph\u00e4re-Einstellungen \u00e4ndern<\/button>\n<button  href=\"#consent-history\" role=\"button\" id=\"rcb-sc-link-history\" data-success-message=\"\" class=\"rcb-sc-link rcb-sc-link-history \">Historie der Privatsph\u00e4re-Einstellungen<\/button>\n<button  href=\"#consent-revoke\" role=\"button\" id=\"rcb-sc-link-revoke\" data-success-message=\"Du hast die Einwilligung f\u00fcr Services mit dessen Cookies und Verarbeitung personenbezogener Daten erfolgreich widerrufen. Die Seite wird jetzt neu geladen!\" class=\"rcb-sc-link rcb-sc-link-revoke \">Einwilligungen widerrufen<\/button>\n\n<h2 class=\"wp-block-heading\">Media spo\u0142eczno\u015bciowe<\/h2>\n\n<h3 class=\"wp-block-heading\">Wtyczki Facebooka (przycisk &#8222;Lubi\u0119 to&#8221; i &#8222;Udost\u0119pnij&#8221;)<\/h3>\n\n<p>Wtyczki sieci spo\u0142eczno\u015bciowej Facebook s\u0105 zintegrowane z t\u0105 stron\u0105 internetow\u0105. Dostawc\u0105 tej us\u0142ugi jest Facebook Ireland Limited, 4 Grand Canal Square, Dublin 2, Irlandia. Jednak wed\u0142ug Facebooka zebrane dane b\u0119d\u0105 r\u00f3wnie\u017c przekazywane do Stan\u00f3w Zjednoczonych i innych pa\u0144stw trzecich.<br\/>Wtyczki Facebooka mo\u017cna rozpozna\u0107 po logo Facebooka lub przycisku &#8222;Lubi\u0119 to&#8221; na tej stronie internetowej.\nPrzegl\u0105d wtyczek Facebooka mo\u017cna znale\u017a\u0107 tutaj: <a href=\"https:\/\/developers.facebook.com\/docs\/plugins\/\" rel=\"nofollow noopener\" target=\"_blank\">https:\/\/developers.facebook.com\/docs\/plugins\/?<\/a>.<br\/>Gdy odwiedzasz t\u0119 stron\u0119 internetow\u0105, wtyczka nawi\u0105zuje bezpo\u015brednie po\u0142\u0105czenie mi\u0119dzy Twoj\u0105 przegl\u0105dark\u0105 a serwerem Facebooka.  W ten spos\u00f3b Facebook otrzymuje informacj\u0119, \u017ce odwiedzi\u0142e\u015b t\u0119 stron\u0119 internetow\u0105 za pomoc\u0105 swojego adresu IP. Je\u015bli klikniesz przycisk &#8222;Lubi\u0119 to&#8221; na Facebooku, gdy jeste\u015b zalogowany na swoim koncie na Facebooku, mo\u017cesz po\u0142\u0105czy\u0107 zawarto\u015b\u0107 tej strony internetowej ze swoim profilem na Facebooku. Dzi\u0119ki temu Facebook mo\u017ce przyporz\u0105dkowa\u0107 wizyt\u0119 na tej stronie internetowej do konta u\u017cytkownika. Zwracamy uwag\u0119, \u017ce jako dostawca stron nie mamy wiedzy na temat tre\u015bci przesy\u0142anych danych ani ich wykorzystania przez Facebook. Wi\u0119cej informacji na ten temat mo\u017cna znale\u017a\u0107 w polityce prywatno\u015bci Facebooka pod adresem: <a href=\"https:\/\/de-de.facebook.com\/privacy\/explanation\" rel=\"nofollow noopener\" target=\"_blank\">https:\/\/de-de.facebook.com\/privacy\/explanation<\/a>.<br\/>Je\u015bli nie \u017cycz\u0105 sobie Pa\u0144stwo, aby Facebook m\u00f3g\u0142 przyporz\u0105dkowa\u0107 wizyt\u0119 na tej stronie internetowej do Pa\u0144stwa konta u\u017cytkownika na Facebooku, prosimy o wylogowanie si\u0119 z konta u\u017cytkownika na Facebooku.<br\/>Korzystanie z wtyczek Facebooka odbywa si\u0119 na podstawie art. 6 ust. 1 lit. a) RODO. 1 lit. f RODO. Operator strony internetowej ma uzasadniony interes w jak najszerszej widoczno\u015bci w mediach spo\u0142eczno\u015bciowych. Je\u017celi za\u017c\u0105dano odpowiedniej zgody, przetwarzanie odbywa si\u0119 wy\u0142\u0105cznie na podstawie art. 6 ust. 1 lit. a). 1 lit. RODO; Zgoda mo\u017ce by\u0107 w ka\u017cdej chwili odwo\u0142ana.<br\/>Przekazywanie danych do Stan\u00f3w Zjednoczonych odbywa si\u0119 w oparciu o standardowe klauzule umowne Komisji Europejskiej.<br\/>Szczeg\u00f3\u0142y mo\u017cna znale\u017a\u0107 tutaj: <a href=\"https:\/\/de-de.facebook.com\/privacy\/explanation\" rel=\"nofollow noopener\" target=\"_blank\">https:\/\/www.facebook.com\/legal\/EU_data_transfer_addendum<\/a> i <a href=\"https:\/\/de-de.facebook.com\/help\/566994660333381\" rel=\"nofollow noopener\" target=\"_blank\">https:\/\/de-de.facebook.com\/help\/566994660333381<\/a>.<\/p>\n\n<h2 class=\"wp-block-heading\">Narz\u0119dzia analityczne i reklama<\/h2>\n\n<h3 class=\"wp-block-heading\">Statystyki WordPressa<\/h3>\n\n<p>Ta strona internetowa wykorzystuje &#8222;statystyki WordPress&#8221; do statystycznej oceny dost\u0119pu odwiedzaj\u0105cych. Dostawc\u0105 jest Automattic Inc., 60 29th Street #343, San Francisco, CA 94110-4929, Stany Zjednoczone.<br\/>Statystyki WordPressa wykorzystuj\u0105 technologie, kt\u00f3re umo\u017cliwiaj\u0105 rozpoznanie u\u017cytkownika w celu analizy jego zachowa\u0144 (np. pliki cookie czy odcisk palca urz\u0105dzenia). WordPress Statistics zbiera m.in. pliki dziennika (strona odsy\u0142aj\u0105ca, adres IP, przegl\u0105darka itp.), pochodzenie odwiedzaj\u0105cych stron\u0119 internetow\u0105 (kraj, miasto) oraz jakie dzia\u0142ania podj\u0119li na stronie (np. klikni\u0119cia, wy\u015bwietlenia, pobrania). Zebrane w ten spos\u00f3b informacje na temat korzystania z tej strony internetowej s\u0105 przechowywane na serwerach w Stanach Zjednoczonych.<br\/>Tw\u00f3j adres IP zostanie zanonimizowany po przetworzeniu i przed zapisaniem.<br\/>Korzystanie z tego narz\u0119dzia analitycznego opiera si\u0119 na art. 6 ust. 1 lit. a) RODO. 1 lit. f RODO. Operator strony internetowej ma uzasadniony interes w zanonimizowanej analizie zachowa\u0144 u\u017cytkownik\u00f3w w celu optymalizacji zar\u00f3wno swojej strony internetowej, jak i reklam. Je\u015bli za\u017c\u0105dano odpowiedniej zgody (np. zgody na przechowywanie plik\u00f3w cookie), przetwarzanie odbywa si\u0119 wy\u0142\u0105cznie na podstawie art. 6 ust. 1 lit. a). 1 lit. RODO; Zgoda mo\u017ce by\u0107 w ka\u017cdej chwili odwo\u0142ana.<\/p>\n\n<h2 class=\"wp-block-heading\">Biuletyn informacyjny<\/h2>\n\n<h3 class=\"wp-block-heading\">Dane do newslettera<\/h3>\n\n<p>Je\u015bli chcesz otrzymywa\u0107 newsletter oferowany na stronie internetowej, wymagamy od Ciebie adresu e-mail, a tak\u017ce informacji, kt\u00f3re pozwol\u0105 nam zweryfikowa\u0107, czy jeste\u015b w\u0142a\u015bcicielem podanego adresu e-mail i czy zgadzasz si\u0119 na otrzymywanie newslettera. Dalsze dane nie s\u0105 gromadzone lub s\u0105 zbierane wy\u0142\u0105cznie na zasadzie dobrowolno\u015bci. Wykorzystujemy te dane wy\u0142\u0105cznie do przesy\u0142ania \u017c\u0105danych informacji i nie przekazujemy ich osobom trzecim.<br\/>Przetwarzanie danych wprowadzonych w formularzu rejestracyjnym newslettera odbywa si\u0119 wy\u0142\u0105cznie na podstawie Pa\u0144stwa zgody (art. 6 ust. 1 lit. a RODO). W ka\u017cdej chwili mog\u0105 Pa\u0144stwo odwo\u0142a\u0107 swoj\u0105 zgod\u0119 na przechowywanie Pa\u0144stwa danych, adresu e-mail i ich wykorzystanie do wysy\u0142ania newslettera, na przyk\u0142ad za pomoc\u0105 linku &#8222;zrezygnuj z subskrypcji&#8221; w newsletterze. Wycofanie zgody nie ma wp\u0142ywu na zgodno\u015b\u0107 z prawem operacji przetwarzania danych, kt\u00f3re ju\u017c mia\u0142y miejsce.<br\/>Dane, kt\u00f3re zdeponowali Pa\u0144stwo u nas w celu zapisania si\u0119 do newslettera, b\u0119d\u0105 przechowywane przez nas lub dostawc\u0119 us\u0142ugi newslettera do momentu rezygnacji z newslettera i zostan\u0105 usuni\u0119te z listy dystrybucyjnej newslettera po wypisaniu si\u0119 z newslettera lub po ustaniu celu. Zastrzegamy sobie prawo do korzystania z adres\u00f3w e-mail z naszej listy dystrybucyjnej newslettera wed\u0142ug w\u0142asnego uznania w ramach naszego uzasadnionego interesu zgodnie z art. 6 ust. 1 lit. a) RODO. 1 lit. f RODO.<br\/>Po wypisaniu si\u0119 z listy dystrybucyjnej newslettera, Pa\u0144stwa adres e-mail mo\u017ce zosta\u0107 zapisany przez nas lub dostawc\u0119 us\u0142ugi newslettera na czarnej li\u015bcie, aby zapobiec przysz\u0142ym wysy\u0142kom.\nDane z czarnej listy b\u0119d\u0105 wykorzystywane wy\u0142\u0105cznie w tym celu i nie b\u0119d\u0105 \u0142\u0105czone z innymi danymi.<br\/>S\u0142u\u017cy to zar\u00f3wno Pa\u0144stwa interesom, jak i naszemu interesowi polegaj\u0105cemu na przestrzeganiu wymog\u00f3w prawnych przy wysy\u0142aniu newsletter\u00f3w (uzasadniony interes w rozumieniu art. 6 ust. 1 lit. f RODO).  Przechowywanie na czarnej li\u015bcie nie jest ograniczone czasowo. Mog\u0105 Pa\u0144stwo sprzeciwi\u0107 si\u0119 przechowywaniu danych, je\u015bli Pa\u0144stwa interesy przewa\u017caj\u0105 nad naszym uzasadnionym interesem.<\/p>\n\n<h2 class=\"wp-block-heading\">Wtyczki i narz\u0119dzia<\/h2>\n\n<h3 class=\"wp-block-heading\">YouTube z wi\u0119ksz\u0105 prywatno\u015bci\u0105<\/h3>\n\n<p>Ta strona internetowa zawiera filmy z YouTube. Operatorem stron jest Google Ireland Limited (&#8222;Google&#8221;), Gordon House, Barrow Street, Dublin 4, Irlandia.<br\/>Korzystamy z YouTube w rozszerzonym trybie prywatno\u015bci. Wed\u0142ug YouTube tryb ten oznacza, \u017ce YouTube nie przechowuje \u017cadnych informacji o osobach odwiedzaj\u0105cych t\u0119 stron\u0119 internetow\u0105 przed obejrzeniem przez nich filmu. Z drugiej strony, przekazywanie danych partnerom YouTube niekoniecznie jest wykluczone przez rozszerzony tryb ochrony danych. Oto, w jaki spos\u00f3b YouTube \u0142\u0105czy si\u0119 z sieci\u0105 Google DoubleClick niezale\u017cnie od tego, czy ogl\u0105dasz film.<br\/>Gdy tylko uruchomisz film YouTube na tej stronie, po\u0142\u0105czy si\u0119 on z serwerami YouTube.\nSerwer YouTube jest informowany o tym, kt\u00f3re z naszych stron zosta\u0142y odwiedzone przez u\u017cytkownika.<br\/>Je\u015bli s\u0105 Pa\u0144stwo zalogowani na swoim koncie YouTube, umo\u017cliwiaj\u0105 Pa\u0144stwo YouTube przyporz\u0105dkowanie Pa\u0144stwa zachowania podczas surfowania bezpo\u015brednio do Pa\u0144stwa profilu osobistego.\nMo\u017cesz temu zapobiec, wylogowuj\u0105c si\u0119 ze swojego konta YouTube.<br\/>Ponadto po uruchomieniu filmu YouTube mo\u017ce przechowywa\u0107 r\u00f3\u017cne pliki cookie na urz\u0105dzeniu u\u017cytkownika lub korzysta\u0107 z por\u00f3wnywalnych technologii rozpoznawania (np. odcisk palca urz\u0105dzenia).   W ten spos\u00f3b YouTube mo\u017ce uzyska\u0107 informacje o osobach odwiedzaj\u0105cych t\u0119 stron\u0119 internetow\u0105. Informacje te s\u0105 wykorzystywane mi\u0119dzy innymi do zbierania statystyk wideo, poprawy do\u015bwiadczenia u\u017cytkownika i zapobiegania pr\u00f3bom oszustwa.<br\/>W razie potrzeby po uruchomieniu filmu na YouTube mog\u0105 zosta\u0107 uruchomione dalsze operacje przetwarzania danych, na kt\u00f3re nie mamy wp\u0142ywu.<br\/>YouTube jest wykorzystywany w celu atrakcyjnej prezentacji naszej oferty online.<br\/>Stanowi to uzasadniony interes w rozumieniu art. 6 ust. 1 lit. a) RODO. 1 lit. f RODO. Je\u017celi za\u017c\u0105dano odpowiedniej zgody, przetwarzanie odbywa si\u0119 wy\u0142\u0105cznie na podstawie art. 6 ust. 1 lit. a). 1 lit. RODO; Zgoda mo\u017ce by\u0107 w ka\u017cdej chwili odwo\u0142ana.<br\/>Wi\u0119cej informacji na temat prywatno\u015bci w YouTube mo\u017cna znale\u017a\u0107 w ich polityce prywatno\u015bci pod adresem: <a href=\"https:\/\/policies.google.com\/privacy?hl=de\" rel=\"nofollow noopener\" target=\"_blank\">https:\/\/policies.google.com\/privacy?hl=de<\/a>.<\/p>\n\n<h3 class=\"wp-block-heading\">Niesamowita czcionka<\/h3>\n\n<p>Ta strona u\u017cywa Font Awesome do sp\u00f3jnego wy\u015bwietlania czcionek i ikon. Dostawc\u0105 jest Fonticons, Inc., 6 Porter Road Apartment 3R, Cambridge, Massachusetts, Stany Zjednoczone.<br\/>Po wywo\u0142aniu strony przegl\u0105darka \u0142aduje wymagane czcionki do pami\u0119ci podr\u0119cznej przegl\u0105darki, aby poprawnie wy\u015bwietla\u0107 teksty, czcionki i symbole. Aby to zrobi\u0107, przegl\u0105darka, kt\u00f3rej u\u017cywasz, musi po\u0142\u0105czy\u0107 si\u0119 z serwerami Font Awesome. W rezultacie Font Awesome dowiaduje si\u0119, \u017ce dost\u0119p do tej witryny zosta\u0142 uzyskany za po\u015brednictwem Twojego adresu IP. Korzystanie z Font Awesome opiera si\u0119 na art. 6 ust. 1 lit. a). 1 lit. f RODO. Mamy uzasadniony interes w jednolitej prezentacji kroju pisma na naszej stronie internetowej. Je\u015bli za\u017c\u0105dano odpowiedniej zgody (np. zgody na przechowywanie plik\u00f3w cookie), przetwarzanie odbywa si\u0119 wy\u0142\u0105cznie na podstawie art. 6 ust. 1 lit. a). 1 lit. RODO; Zgoda mo\u017ce by\u0107 w ka\u017cdej chwili odwo\u0142ana.<br\/>Je\u015bli Twoja przegl\u0105darka nie obs\u0142uguje Font Awesome, Tw\u00f3j komputer b\u0119dzie u\u017cywa\u0142 czcionki domy\u015blnej.<br\/>Aby uzyska\u0107 wi\u0119cej informacji na temat Font Awesome, zapoznaj si\u0119 z Polityk\u0105 prywatno\u015bci Font Awesome<br\/>pod: <a href=\"https:\/\/fontawesome.com\/privacy\" rel=\"nofollow noopener\" target=\"_blank\">https:\/\/fontawesome.com\/privacy<\/a>.<\/p>\n\n<h3 class=\"wp-block-heading\">Mapy Google<\/h3>\n\n<p>Ta strona korzysta z us\u0142ugi mapowej Google Maps. Dostawc\u0105 jest Google Ireland Limited (&#8222;Google&#8221;), Gordon House, Barrow Street, Dublin 4, Irlandia.<br\/>Aby m\u00f3c korzysta\u0107 z funkcji Google Maps, konieczne jest zapisanie adresu IP u\u017cytkownika. Informacje te s\u0105 z regu\u0142y przesy\u0142ane na serwer Google w USA i tam przechowywane. Dostawca tej strony internetowej nie ma wp\u0142ywu na ten transfer danych.<br\/>Korzystanie z Google Maps ma na celu atrakcyjn\u0105 prezentacj\u0119 naszych ofert online oraz u\u0142atwienie odnalezienia miejsc, kt\u00f3re wskazujemy na stronie internetowej. Stanowi to uzasadniony interes w rozumieniu art. 6 ust. 1 lit. f RODO. 1 lit. f RODO. Je\u017celi za\u017c\u0105dano odpowiedniej zgody, przetwarzanie odbywa si\u0119 wy\u0142\u0105cznie na podstawie art. 6 ust. 1 lit. a). 1 lit. RODO; Zgoda mo\u017ce by\u0107 w ka\u017cdej chwili odwo\u0142ana.<br\/>Przekazywanie danych do Stan\u00f3w Zjednoczonych odbywa si\u0119 w oparciu o standardowe klauzule umowne Komisji Europejskiej.<br\/>Szczeg\u00f3\u0142y mo\u017cna znale\u017a\u0107 tutaj: <a href=\"https:\/\/privacy.google.com\/businesses\/gdprcontrollerterms\/\" rel=\"nofollow noopener\" target=\"_blank\">https:\/\/privacy.google.com\/businesses\/gdprcontrollerterms\/<\/a> i <a href=\"https:\/\/privacy.google.com\/businesses\/gdprcontrollerterms\/sccs\/\" rel=\"nofollow noopener\" target=\"_blank\">https:\/\/privacy.google.com\/businesses\/gdprcontrollerterms\/sccs\/<\/a>.<br\/>Wi\u0119cej informacji na temat post\u0119powania z danymi u\u017cytkownik\u00f3w mo\u017cna znale\u017a\u0107 w polityce prywatno\u015bci Google: <a href=\"https:\/\/policies.google.com\/privacy?hl=de\" rel=\"nofollow noopener\" target=\"_blank\">https:\/\/policies.google.com\/privacy?hl=de<\/a>.<\/p>\n\n<h3 class=\"wp-block-heading\">Google reCAPTCHA<\/h3>\n\n<p>Na tej stronie internetowej u\u017cywamy &#8222;Google reCAPTCHA&#8221; (zwanego dalej &#8222;reCAPTCHA&#8221;). Dostawc\u0105 jest Google Ireland Limited (&#8222;Google&#8221;), Gordon House, Barrow Street, Dublin 4, Irlandia.<br\/>Celem reCAPTCHA jest sprawdzenie, czy dane s\u0105 wprowadzane na tej stronie internetowej (np. w formularzu kontaktowym) przez cz\u0142owieka, czy przez zautomatyzowany program. W tym celu reCAPTCHA analizuje zachowanie odwiedzaj\u0105cego stron\u0119 internetow\u0105 w oparciu o r\u00f3\u017cne cechy. Analiza ta rozpoczyna si\u0119 automatycznie, gdy tylko odwiedzaj\u0105cy witryn\u0119 wejdzie na stron\u0119. Do analizy reCAPTCHA ocenia r\u00f3\u017cne informacje (np.B. adres IP, d\u0142ugo\u015b\u0107 pobytu odwiedzaj\u0105cego stron\u0119 internetow\u0105 na stronie internetowej lub ruchy myszy wykonane przez u\u017cytkownika). Dane zebrane podczas analizy s\u0105 przekazywane do Google.<br\/>Analizy reCAPTCHA dzia\u0142aj\u0105 ca\u0142kowicie w tle. Odwiedzaj\u0105cy stron\u0119 internetow\u0105 nie s\u0105 informowani o tym, \u017ce przeprowadzana jest analiza.<br\/>Przechowywanie i analiza danych odbywa si\u0119 na podstawie art. 6 ust. 1 lit. a) RODO. 1 lit. f RODO. Operator strony internetowej ma uzasadniony interes w ochronie swoich ofert internetowych przed nadu\u017cywaniem zautomatyzowanego szpiegowania i SPAMU. Je\u017celi za\u017c\u0105dano odpowiedniej zgody, przetwarzanie odbywa si\u0119 wy\u0142\u0105cznie na podstawie art. 6 ust. 1 lit. a). 1 lit. RODO; Zgoda mo\u017ce by\u0107 w ka\u017cdej chwili odwo\u0142ana.<br\/>Aby uzyska\u0107 wi\u0119cej informacji na temat Google reCAPTCHA, zapoznaj si\u0119 z Polityk\u0105 prywatno\u015bci Google i Warunkami korzystania z us\u0142ug Google pod poni\u017cszymi linkami:<br\/><a href=\"https:\/\/policies.google.com\/privacy?hl=de.\" rel=\"nofollow noopener\" target=\"_blank\">https:\/\/policies.google.com\/privacy?hl=de<\/a> i <a href=\"https:\/\/policies.google.com\/terms?hl=de\" rel=\"nofollow noopener\" target=\"_blank\">https:\/\/policies.google.com\/terms?hl=de<\/a>.<\/p>\n","protected":false},"excerpt":{"rendered":"<p>Ochrona danych w skr\u00f3cie Informacje og\u00f3lne Poni\u017csze informacje stanowi\u0105 prosty przegl\u0105d tego, co dzieje si\u0119 z Twoimi danymi osobowymi podczas odwiedzania tej strony internetowej. Dane osobowe to wszelkie dane, kt\u00f3re mog\u0105 by\u0107 wykorzystane do identyfikacji u\u017cytkownika. Szczeg\u00f3\u0142owe informacje na temat ochrony danych osobowych mo\u017cna znale\u017a\u0107 w naszej polityce prywatno\u015bci wymienionej pod tym tekstem. Gromadzenie danych [&hellip;]<\/p>\n","protected":false},"author":1,"featured_media":0,"parent":0,"menu_order":0,"comment_status":"closed","ping_status":"closed","template":"","meta":{"ocean_post_layout":"","ocean_both_sidebars_style":"","ocean_both_sidebars_content_width":0,"ocean_both_sidebars_sidebars_width":0,"ocean_sidebar":"0","ocean_second_sidebar":"0","ocean_disable_margins":"enable","ocean_add_body_class":"","ocean_shortcode_before_top_bar":"","ocean_shortcode_after_top_bar":"","ocean_shortcode_before_header":"","ocean_shortcode_after_header":"","ocean_has_shortcode":"","ocean_shortcode_after_title":"","ocean_shortcode_before_footer_widgets":"","ocean_shortcode_after_footer_widgets":"","ocean_shortcode_before_footer_bottom":"","ocean_shortcode_after_footer_bottom":"","ocean_display_top_bar":"default","ocean_display_header":"default","ocean_header_style":"","ocean_center_header_left_menu":"0","ocean_custom_header_template":"0","ocean_custom_logo":0,"ocean_custom_retina_logo":0,"ocean_custom_logo_max_width":0,"ocean_custom_logo_tablet_max_width":0,"ocean_custom_logo_mobile_max_width":0,"ocean_custom_logo_max_height":0,"ocean_custom_logo_tablet_max_height":0,"ocean_custom_logo_mobile_max_height":0,"ocean_header_custom_menu":"0","ocean_menu_typo_font_family":"0","ocean_menu_typo_font_subset":"","ocean_menu_typo_font_size":0,"ocean_menu_typo_font_size_tablet":0,"ocean_menu_typo_font_size_mobile":0,"ocean_menu_typo_font_size_unit":"px","ocean_menu_typo_font_weight":"","ocean_menu_typo_font_weight_tablet":"","ocean_menu_typo_font_weight_mobile":"","ocean_menu_typo_transform":"","ocean_menu_typo_transform_tablet":"","ocean_menu_typo_transform_mobile":"","ocean_menu_typo_line_height":0,"ocean_menu_typo_line_height_tablet":0,"ocean_menu_typo_line_height_mobile":0,"ocean_menu_typo_line_height_unit":"","ocean_menu_typo_spacing":0,"ocean_menu_typo_spacing_tablet":0,"ocean_menu_typo_spacing_mobile":0,"ocean_menu_typo_spacing_unit":"","ocean_menu_link_color":"","ocean_menu_link_color_hover":"","ocean_menu_link_color_active":"","ocean_menu_link_background":"","ocean_menu_link_hover_background":"","ocean_menu_link_active_background":"","ocean_menu_social_links_bg":"","ocean_menu_social_hover_links_bg":"","ocean_menu_social_links_color":"","ocean_menu_social_hover_links_color":"","ocean_disable_title":"default","ocean_disable_heading":"default","ocean_post_title":"","ocean_post_subheading":"","ocean_post_title_style":"","ocean_post_title_background_color":"","ocean_post_title_background":0,"ocean_post_title_bg_image_position":"","ocean_post_title_bg_image_attachment":"","ocean_post_title_bg_image_repeat":"","ocean_post_title_bg_image_size":"","ocean_post_title_height":0,"ocean_post_title_bg_overlay":0.5,"ocean_post_title_bg_overlay_color":"","ocean_disable_breadcrumbs":"default","ocean_breadcrumbs_color":"","ocean_breadcrumbs_separator_color":"","ocean_breadcrumbs_links_color":"","ocean_breadcrumbs_links_hover_color":"","ocean_display_footer_widgets":"default","ocean_display_footer_bottom":"default","ocean_custom_footer_template":"0","footnotes":""},"class_list":["post-921","page","type-page","status-publish","hentry","entry"],"_links":{"self":[{"href":"https:\/\/wiki.edv-cad.de\/pl\/wp-json\/wp\/v2\/pages\/921","targetHints":{"allow":["GET"]}}],"collection":[{"href":"https:\/\/wiki.edv-cad.de\/pl\/wp-json\/wp\/v2\/pages"}],"about":[{"href":"https:\/\/wiki.edv-cad.de\/pl\/wp-json\/wp\/v2\/types\/page"}],"author":[{"embeddable":true,"href":"https:\/\/wiki.edv-cad.de\/pl\/wp-json\/wp\/v2\/users\/1"}],"replies":[{"embeddable":true,"href":"https:\/\/wiki.edv-cad.de\/pl\/wp-json\/wp\/v2\/comments?post=921"}],"version-history":[{"count":0,"href":"https:\/\/wiki.edv-cad.de\/pl\/wp-json\/wp\/v2\/pages\/921\/revisions"}],"wp:attachment":[{"href":"https:\/\/wiki.edv-cad.de\/pl\/wp-json\/wp\/v2\/media?parent=921"}],"curies":[{"name":"wp","href":"https:\/\/api.w.org\/{rel}","templated":true}]}}